{"id":8116,"date":"2012-07-19T20:03:14","date_gmt":"2012-07-20T00:03:14","guid":{"rendered":"https:\/\/www.bocskairadio.org\/?page_id=8116"},"modified":"2025-02-28T10:38:46","modified_gmt":"2025-02-28T15:38:46","slug":"news","status":"publish","type":"page","link":"https:\/\/www.bocskairadio.org\/en\/","title":{"rendered":"News"},"content":{"rendered":"<div id=\"tdi_1\" class=\"tdc-zone\"><div class=\"tdc_zone tdi_2  wpb_row td-pb-row\"  >\n<style scoped>\n\/* custom css - generated by TagDiv Composer *\/\n\n\/* custom css - generated by TagDiv Composer *\/\n.tdi_2{\r\n                    min-height: 0;\r\n                }\n<\/style><div id=\"tdi_3\" class=\"tdc-row\"><div class=\"vc_row tdi_4  wpb_row td-pb-row\" >\n<style scoped>\n\/* custom css - generated by TagDiv Composer *\/\n\n\/* custom css - generated by TagDiv Composer *\/\n.tdi_4,\r\n                .tdi_4 .tdc-columns{\r\n                    min-height: 0;\r\n                }.tdi_4,\r\n\t\t\t\t.tdi_4 .tdc-columns{\r\n\t\t\t\t    display: block;\r\n\t\t\t\t}.tdi_4 .tdc-columns{\r\n\t\t\t\t    width: 100%;\r\n\t\t\t\t}.tdi_4:before,\r\n\t\t\t\t.tdi_4:after{\r\n\t\t\t\t    display: table;\r\n\t\t\t\t}\n<\/style><div class=\"vc_column tdi_6  wpb_column vc_column_container tdc-column td-pb-span8\">\n<style scoped>\n\/* custom css - generated by TagDiv Composer *\/\n\n\/* custom css - generated by TagDiv Composer *\/\n.tdi_6{\r\n                    vertical-align: baseline;\r\n                }.tdi_6 > .wpb_wrapper,\r\n\t\t\t\t.tdi_6 > .wpb_wrapper > .tdc-elements{\r\n\t\t\t\t    display: block;\r\n\t\t\t\t}.tdi_6 > .wpb_wrapper > .tdc-elements{\r\n\t\t\t\t    width: 100%;\r\n\t\t\t\t}.tdi_6 > .wpb_wrapper > .vc_row_inner{\r\n\t\t\t\t    width: auto;\r\n\t\t\t\t}.tdi_6 > .wpb_wrapper{\r\n\t\t\t\t    width: auto;\r\n\t\t\t\t    height: auto;\r\n\t\t\t\t}\n<\/style><div class=\"wpb_wrapper\" >\n\t\t\t<!-- START English ad REVOLUTION SLIDER 6.7.40 --><p class=\"rs-p-wp-fix\"><\/p>\n\t\t\t<rs-module-wrap id=\"rev_slider_17_1_wrapper\" data-source=\"post\" style=\"visibility:hidden;background:linear-gradient(rgba(74,74,74,1) 0%, rgba(43,43,43,1) 100%);padding:4;margin:0px auto;margin-top:0;margin-bottom:0;\">\n\t\t\t\t<rs-module id=\"rev_slider_17_1\" style=\"\" data-version=\"6.7.40\">\n\t\t\t\t\t<rs-slides style=\"overflow: hidden; position: absolute;\">\n\t\t\t\t\t\t<rs-slide style=\"position: absolute;\" data-key=\"rs-1073174\" data-title=\"Learn Hungarian Language and Culture!\" data-link=\"\/\/www.bocskairadio.org\/en\/learn-hungarian-language-and-culture\/\" data-tag=\"l\" data-target=\"_self\" data-seoz=\"front\" data-duration=\"4000\" data-anim=\"ms:1000;r:0;\" data-in=\"o:0;\" data-out=\"a:false;\">\n\t\t\t\t\t\t\t<img decoding=\"async\" src=\"https:\/\/spcdn.shortpixel.ai\/spio\/ret_img,q_cdnize,to_webp,s_webp\/www.bocskairadio.org\/wp-content\/plugins\/revslider\/sr6\/assets\/assets\/dummy.png\" alt=\"\" title=\"Bocskai-R-HLP-with-BGA\" width=\"600\" height=\"342\" class=\"rev-slidebg tp-rs-img rs-lazyload\" data-lazyload=\"\/\/www.bocskairadio.org\/wp-content\/uploads\/2021\/12\/Bocskai-R-HLP-with-BGA-600x342.jpg\" data-no-retina>\n<!---->\t\t\t\t\t<\/rs-slide>\n\t\t\t\t\t<\/rs-slides>\n\t\t\t\t<\/rs-module>\n\t\t\t\t<script>\n\t\t\t\t\tsetREVStartSize({c: 'rev_slider_17_1',rl:[1240,1024,778,480],el:[314],gw:[600],gh:[314],type:'standard',justify:'',layout:'fullwidth',mh:\"0\"});if (window.RS_MODULES!==undefined && window.RS_MODULES.modules!==undefined && window.RS_MODULES.modules[\"revslider171\"]!==undefined) {window.RS_MODULES.modules[\"revslider171\"].once = false;window.revapi17 = undefined;if (window.RS_MODULES.checkMinimal!==undefined) window.RS_MODULES.checkMinimal()}\n\t\t\t\t<\/script>\n\t\t\t<\/rs-module-wrap>\n\t\t\t<!-- END REVOLUTION SLIDER -->\n<div class=\"td_block_wrap td_block_14 tdi_7 td-pb-full-cell td_with_ajax_pagination td-pb-border-top td_block_template_1 td-column-2\"  data-td-block-uid=\"tdi_7\" ><script>var block_tdi_7 = new tdBlock();\nblock_tdi_7.id = \"tdi_7\";\nblock_tdi_7.atts = '{\"limit\":\"6\",\"custom_title\":\"Local News and Events\",\"custom_url\":\"https:\\\/\\\/www.bocskairadio.org\\\/en\\\/category\\\/news\\\/local-events-and-news\\\/\",\"category_id\":\"196\",\"td_ajax_filter_type\":\"\",\"ajax_pagination\":\"load_more\",\"block_type\":\"td_block_14\",\"separator\":\"\",\"block_template_id\":\"\",\"mx1_tl\":\"\",\"post_ids\":\"\",\"taxonomies\":\"\",\"category_ids\":\"\",\"in_all_terms\":\"\",\"tag_slug\":\"\",\"autors_id\":\"\",\"installed_post_types\":\"\",\"include_cf_posts\":\"\",\"exclude_cf_posts\":\"\",\"sort\":\"\",\"popular_by_date\":\"\",\"linked_posts\":\"\",\"favourite_only\":\"\",\"offset\":\"\",\"open_in_new_window\":\"\",\"show_modified_date\":\"\",\"time_ago\":\"\",\"time_ago_add_txt\":\"ago\",\"time_ago_txt_pos\":\"\",\"review_source\":\"\",\"el_class\":\"\",\"td_ajax_filter_ids\":\"\",\"td_filter_default_txt\":\"All\",\"td_ajax_preloading\":\"\",\"f_header_font_header\":\"\",\"f_header_font_title\":\"Block header\",\"f_header_font_settings\":\"\",\"f_header_font_family\":\"\",\"f_header_font_size\":\"\",\"f_header_font_line_height\":\"\",\"f_header_font_style\":\"\",\"f_header_font_weight\":\"\",\"f_header_font_transform\":\"\",\"f_header_font_spacing\":\"\",\"f_header_\":\"\",\"f_ajax_font_title\":\"Ajax categories\",\"f_ajax_font_settings\":\"\",\"f_ajax_font_family\":\"\",\"f_ajax_font_size\":\"\",\"f_ajax_font_line_height\":\"\",\"f_ajax_font_style\":\"\",\"f_ajax_font_weight\":\"\",\"f_ajax_font_transform\":\"\",\"f_ajax_font_spacing\":\"\",\"f_ajax_\":\"\",\"f_more_font_title\":\"Load more button\",\"f_more_font_settings\":\"\",\"f_more_font_family\":\"\",\"f_more_font_size\":\"\",\"f_more_font_line_height\":\"\",\"f_more_font_style\":\"\",\"f_more_font_weight\":\"\",\"f_more_font_transform\":\"\",\"f_more_font_spacing\":\"\",\"f_more_\":\"\",\"mx1f_title_font_header\":\"\",\"mx1f_title_font_title\":\"Article title\",\"mx1f_title_font_settings\":\"\",\"mx1f_title_font_family\":\"\",\"mx1f_title_font_size\":\"\",\"mx1f_title_font_line_height\":\"\",\"mx1f_title_font_style\":\"\",\"mx1f_title_font_weight\":\"\",\"mx1f_title_font_transform\":\"\",\"mx1f_title_font_spacing\":\"\",\"mx1f_title_\":\"\",\"mx1f_cat_font_title\":\"Article category tag\",\"mx1f_cat_font_settings\":\"\",\"mx1f_cat_font_family\":\"\",\"mx1f_cat_font_size\":\"\",\"mx1f_cat_font_line_height\":\"\",\"mx1f_cat_font_style\":\"\",\"mx1f_cat_font_weight\":\"\",\"mx1f_cat_font_transform\":\"\",\"mx1f_cat_font_spacing\":\"\",\"mx1f_cat_\":\"\",\"mx1f_meta_font_title\":\"Article meta info\",\"mx1f_meta_font_settings\":\"\",\"mx1f_meta_font_family\":\"\",\"mx1f_meta_font_size\":\"\",\"mx1f_meta_font_line_height\":\"\",\"mx1f_meta_font_style\":\"\",\"mx1f_meta_font_weight\":\"\",\"mx1f_meta_font_transform\":\"\",\"mx1f_meta_font_spacing\":\"\",\"mx1f_meta_\":\"\",\"ajax_pagination_next_prev_swipe\":\"\",\"ajax_pagination_infinite_stop\":\"\",\"css\":\"\",\"tdc_css\":\"\",\"td_column_number\":2,\"header_color\":\"\",\"color_preset\":\"\",\"border_top\":\"\",\"class\":\"tdi_7\",\"tdc_css_class\":\"tdi_7\",\"tdc_css_class_style\":\"tdi_7_rand_style\"}';\nblock_tdi_7.td_column_number = \"2\";\nblock_tdi_7.block_type = \"td_block_14\";\nblock_tdi_7.post_count = \"6\";\nblock_tdi_7.found_posts = \"105\";\nblock_tdi_7.header_color = \"\";\nblock_tdi_7.ajax_pagination_infinite_stop = \"\";\nblock_tdi_7.max_num_pages = \"18\";\ntdBlocksArray.push(block_tdi_7);\n<\/script><div class=\"td-block-title-wrap\"><h4 class=\"block-title td-block-title\"><a href=\"https:\/\/www.bocskairadio.org\/en\/category\/news\/local-events-and-news\/\" class=\"td-pulldown-size\">Local News and Events<\/a><\/h4><\/div><div id=tdi_7 class=\"td_block_inner td-column-2\">\n\n\t<div class=\"td-block-row\">\n\n\t<div class=\"td-block-span6\">\n\r\n        <div class=\"td_module_mx1 td_module_wrap td-animation-stack\">\r\n            <div class=\"td-module-thumb\"><a href=\"https:\/\/www.bocskairadio.org\/en\/radiothon\/\"  rel=\"bookmark\" class=\"td-image-wrap \" title=\"RADIOTHON ONLINE FORM\" ><img loading=\"lazy\" decoding=\"async\" class=\"entry-thumb\" src=\"data:image\/png;base64,iVBORw0KGgoAAAANSUhEUgAAAWQAAADcAQMAAAB9O0nPAAAAA1BMVEWurq51dlI4AAAAAXRSTlMmkutdmwAAACBJREFUaN7twTEBAAAAwiD7p7bDbmAAAAAAAAAAAABAdieIAAGQh2mWAAAAAElFTkSuQmCC\" alt=\"\" title=\"RADIOTHON ONLINE FORM\" data-type=\"image_tag\" data-img-url=\"https:\/\/www.bocskairadio.org\/wp-content\/uploads\/2026\/02\/adas-2026-25-5-356x220.jpg\"  width=\"355\" height=\"220\" \/><\/a><\/div>\r\n            <div class=\"td-module-meta-info\">\r\n                <h3 class=\"entry-title td-module-title\"><a href=\"https:\/\/www.bocskairadio.org\/en\/radiothon\/\"  rel=\"bookmark\" title=\"RADIOTHON ONLINE FORM\">RADIOTHON ONLINE FORM<\/a><\/h3>                <div class=\"td-editor-date\">\r\n                    <a href=\"https:\/\/www.bocskairadio.org\/en\/category\/news\/local-events-and-news\/\" class=\"td-post-category\" >Local events and news<\/a>                    <span class=\"td-author-date\">\r\n                        <span class=\"td-post-author-name\"><a href=\"https:\/\/www.bocskairadio.org\/en\/author\/zsoltmolnar\/\">Moln\u00e1r Zsolt<\/a> <span>-<\/span> <\/span>                        <span class=\"td-post-date\"><time class=\"entry-date updated td-module-date\" datetime=\"2026-02-05T20:45:59-05:00\" >2026. February 5.<\/time><\/span>                    <\/span>\r\n                <\/div>\r\n            <\/div>\r\n\r\n        <\/div>\r\n\r\n        \n\t<\/div> <!-- .\/td-block-span6 -->\n\n\t<div class=\"td-block-span6\">\n\r\n        <div class=\"td_module_mx1 td_module_wrap td-animation-stack\">\r\n            <div class=\"td-module-thumb\"><a href=\"https:\/\/www.bocskairadio.org\/en\/a-community-silenced-the-story-of-the-wcsb-hungarian-hour\/\"  rel=\"bookmark\" class=\"td-image-wrap \" title=\"A Community Silenced: The Story of the WCSB Hungarian Hour\" ><img loading=\"lazy\" decoding=\"async\" class=\"entry-thumb\" src=\"data:image\/png;base64,iVBORw0KGgoAAAANSUhEUgAAAWQAAADcAQMAAAB9O0nPAAAAA1BMVEWurq51dlI4AAAAAXRSTlMmkutdmwAAACBJREFUaN7twTEBAAAAwiD7p7bDbmAAAAAAAAAAAABAdieIAAGQh2mWAAAAAElFTkSuQmCC\" alt=\"\" title=\"A Community Silenced: The Story of the WCSB Hungarian Hour\" data-type=\"image_tag\" data-img-url=\"https:\/\/www.bocskairadio.org\/wp-content\/uploads\/2025\/11\/WCSB-356x220.jpg\"  width=\"355\" height=\"220\" \/><\/a><\/div>\r\n            <div class=\"td-module-meta-info\">\r\n                <h3 class=\"entry-title td-module-title\"><a href=\"https:\/\/www.bocskairadio.org\/en\/a-community-silenced-the-story-of-the-wcsb-hungarian-hour\/\"  rel=\"bookmark\" title=\"A Community Silenced: The Story of the WCSB Hungarian Hour\">A Community Silenced: The Story of the WCSB Hungarian Hour<\/a><\/h3>                <div class=\"td-editor-date\">\r\n                    <a href=\"https:\/\/www.bocskairadio.org\/en\/category\/news\/local-events-and-news\/\" class=\"td-post-category\" >Local events and news<\/a>                    <span class=\"td-author-date\">\r\n                        <span class=\"td-post-author-name\"><a href=\"https:\/\/www.bocskairadio.org\/en\/author\/zsoltmolnar\/\">Moln\u00e1r Zsolt<\/a> <span>-<\/span> <\/span>                        <span class=\"td-post-date\"><time class=\"entry-date updated td-module-date\" datetime=\"2025-11-16T21:27:42-05:00\" >2025. November 16.<\/time><\/span>                    <\/span>\r\n                <\/div>\r\n            <\/div>\r\n\r\n        <\/div>\r\n\r\n        \n\t<\/div> <!-- .\/td-block-span6 --><\/div><!--.\/row-fluid-->\n\n\t<div class=\"td-block-row\">\n\n\t<div class=\"td-block-span6\">\n\r\n        <div class=\"td_module_mx1 td_module_wrap td-animation-stack\">\r\n            <div class=\"td-module-thumb\"><a href=\"https:\/\/www.bocskairadio.org\/en\/trump-elrendelte-a-nemzeti-zaszlo-felarbocra-engedeset\/\"  rel=\"bookmark\" class=\"td-image-wrap \" title=\"Trump elrendelte a nemzeti z\u00e1szl\u00f3 f\u00e9l\u00e1rb\u00f3cra enged\u00e9s\u00e9t\" ><img loading=\"lazy\" decoding=\"async\" class=\"entry-thumb\" src=\"data:image\/png;base64,iVBORw0KGgoAAAANSUhEUgAAAWQAAADcAQMAAAB9O0nPAAAAA1BMVEWurq51dlI4AAAAAXRSTlMmkutdmwAAACBJREFUaN7twTEBAAAAwiD7p7bDbmAAAAAAAAAAAABAdieIAAGQh2mWAAAAAElFTkSuQmCC\" alt=\"\" title=\"Trump elrendelte a nemzeti z\u00e1szl\u00f3 f\u00e9l\u00e1rb\u00f3cra enged\u00e9s\u00e9t\" data-type=\"image_tag\" data-img-url=\"https:\/\/www.bocskairadio.org\/wp-content\/uploads\/2025\/04\/ferenc-papa-es-orban-viktor-illusztrecio-356x220.jpeg\"  width=\"356\" height=\"220\" \/><\/a><\/div>\r\n            <div class=\"td-module-meta-info\">\r\n                <h3 class=\"entry-title td-module-title\"><a href=\"https:\/\/www.bocskairadio.org\/en\/trump-elrendelte-a-nemzeti-zaszlo-felarbocra-engedeset\/\"  rel=\"bookmark\" title=\"Trump elrendelte a nemzeti z\u00e1szl\u00f3 f\u00e9l\u00e1rb\u00f3cra enged\u00e9s\u00e9t\">Trump elrendelte a nemzeti z\u00e1szl\u00f3 f\u00e9l\u00e1rb\u00f3cra enged\u00e9s\u00e9t<\/a><\/h3>                <div class=\"td-editor-date\">\r\n                    <a href=\"https:\/\/www.bocskairadio.org\/en\/category\/news\/local-events-and-news\/\" class=\"td-post-category\" >Local events and news<\/a>                    <span class=\"td-author-date\">\r\n                        <span class=\"td-post-author-name\"><a href=\"https:\/\/www.bocskairadio.org\/en\/author\/sajtofigyelo\/\">Bocskai R\u00e1di\u00f3 Sajt\u00f3figyel\u0151<\/a> <span>-<\/span> <\/span>                        <span class=\"td-post-date\"><time class=\"entry-date updated td-module-date\" datetime=\"2025-04-21T15:25:16-04:00\" >2025. April 21.<\/time><\/span>                    <\/span>\r\n                <\/div>\r\n            <\/div>\r\n\r\n        <\/div>\r\n\r\n        \n\t<\/div> <!-- .\/td-block-span6 -->\n\n\t<div class=\"td-block-span6\">\n\r\n        <div class=\"td_module_mx1 td_module_wrap td-animation-stack\">\r\n            <div class=\"td-module-thumb\"><a href=\"https:\/\/www.bocskairadio.org\/en\/pm-orban-thank-you-for-everything-holy-father\/\"  rel=\"bookmark\" class=\"td-image-wrap \" title=\"PM Orban: Thank You for Everything, Holy Father!\" ><img loading=\"lazy\" decoding=\"async\" class=\"entry-thumb\" src=\"data:image\/png;base64,iVBORw0KGgoAAAANSUhEUgAAAWQAAADcAQMAAAB9O0nPAAAAA1BMVEWurq51dlI4AAAAAXRSTlMmkutdmwAAACBJREFUaN7twTEBAAAAwiD7p7bDbmAAAAAAAAAAAABAdieIAAGQh2mWAAAAAElFTkSuQmCC\" alt=\"\" title=\"PM Orban: Thank You for Everything, Holy Father!\" data-type=\"image_tag\" data-img-url=\"https:\/\/www.bocskairadio.org\/wp-content\/uploads\/2025\/04\/ferenc-papa-es-orban-viktor-illusztrecio-356x220.jpeg\"  width=\"356\" height=\"220\" \/><\/a><\/div>\r\n            <div class=\"td-module-meta-info\">\r\n                <h3 class=\"entry-title td-module-title\"><a href=\"https:\/\/www.bocskairadio.org\/en\/pm-orban-thank-you-for-everything-holy-father\/\"  rel=\"bookmark\" title=\"PM Orban: Thank You for Everything, Holy Father!\">PM Orban: Thank You for Everything, Holy Father!<\/a><\/h3>                <div class=\"td-editor-date\">\r\n                    <a href=\"https:\/\/www.bocskairadio.org\/en\/category\/news\/local-events-and-news\/\" class=\"td-post-category\" >Local events and news<\/a>                    <span class=\"td-author-date\">\r\n                        <span class=\"td-post-author-name\"><a href=\"https:\/\/www.bocskairadio.org\/en\/author\/sajtofigyelo\/\">Bocskai R\u00e1di\u00f3 Sajt\u00f3figyel\u0151<\/a> <span>-<\/span> <\/span>                        <span class=\"td-post-date\"><time class=\"entry-date updated td-module-date\" datetime=\"2025-04-21T15:10:42-04:00\" >2025. April 21.<\/time><\/span>                    <\/span>\r\n                <\/div>\r\n            <\/div>\r\n\r\n        <\/div>\r\n\r\n        \n\t<\/div> <!-- .\/td-block-span6 --><\/div><!--.\/row-fluid-->\n\n\t<div class=\"td-block-row\">\n\n\t<div class=\"td-block-span6\">\n\r\n        <div class=\"td_module_mx1 td_module_wrap td-animation-stack\">\r\n            <div class=\"td-module-thumb\"><a href=\"https:\/\/www.bocskairadio.org\/en\/being-hungarian-is-a-privilege-a-pride-a-mission-prof-dr-balazs-hanko-in-new-york\/\"  rel=\"bookmark\" class=\"td-image-wrap \" title=\"\u2018Being Hungarian is a privilege, a pride, a mission\u2019 \u2014 Prof. Dr. Bal\u00e1zs Hank\u00f3 in New York\" ><img loading=\"lazy\" decoding=\"async\" class=\"entry-thumb\" src=\"data:image\/png;base64,iVBORw0KGgoAAAANSUhEUgAAAWQAAADcAQMAAAB9O0nPAAAAA1BMVEWurq51dlI4AAAAAXRSTlMmkutdmwAAACBJREFUaN7twTEBAAAAwiD7p7bDbmAAAAAAAAAAAABAdieIAAGQh2mWAAAAAElFTkSuQmCC\" alt=\"\" title=\"\u2018Being Hungarian is a privilege, a pride, a mission\u2019 \u2014 Prof. Dr. Bal\u00e1zs Hank\u00f3 in New York\" data-type=\"image_tag\" data-img-url=\"https:\/\/www.bocskairadio.org\/wp-content\/uploads\/2025\/04\/hanko-356x220.jpg\"  width=\"355\" height=\"220\" \/><\/a><\/div>\r\n            <div class=\"td-module-meta-info\">\r\n                <h3 class=\"entry-title td-module-title\"><a href=\"https:\/\/www.bocskairadio.org\/en\/being-hungarian-is-a-privilege-a-pride-a-mission-prof-dr-balazs-hanko-in-new-york\/\"  rel=\"bookmark\" title=\"\u2018Being Hungarian is a privilege, a pride, a mission\u2019 \u2014 Prof. Dr. Bal\u00e1zs Hank\u00f3 in New York\">\u2018Being Hungarian is a privilege, a pride, a mission\u2019 \u2014 Prof. Dr. Bal\u00e1zs Hank\u00f3 in New York<\/a><\/h3>                <div class=\"td-editor-date\">\r\n                    <a href=\"https:\/\/www.bocskairadio.org\/en\/category\/news\/local-events-and-news\/\" class=\"td-post-category\" >Local events and news<\/a>                    <span class=\"td-author-date\">\r\n                        <span class=\"td-post-author-name\"><a href=\"https:\/\/www.bocskairadio.org\/en\/author\/ildikoantalferencz\/\">Antal-Ferencz Ildik\u00f3<\/a> <span>-<\/span> <\/span>                        <span class=\"td-post-date\"><time class=\"entry-date updated td-module-date\" datetime=\"2025-04-19T19:12:20-04:00\" >2025. April 19.<\/time><\/span>                    <\/span>\r\n                <\/div>\r\n            <\/div>\r\n\r\n        <\/div>\r\n\r\n        \n\t<\/div> <!-- .\/td-block-span6 -->\n\n\t<div class=\"td-block-span6\">\n\r\n        <div class=\"td_module_mx1 td_module_wrap td-animation-stack\">\r\n            <div class=\"td-module-thumb\"><a href=\"https:\/\/www.bocskairadio.org\/en\/hungarys-migration-policy-seen-as-model-for-u-s\/\"  rel=\"bookmark\" class=\"td-image-wrap \" title=\"Hungary&#8217;s Migration Policy Seen as Model for U.S.\" ><img loading=\"lazy\" decoding=\"async\" class=\"entry-thumb\" src=\"data:image\/png;base64,iVBORw0KGgoAAAANSUhEUgAAAWQAAADcAQMAAAB9O0nPAAAAA1BMVEWurq51dlI4AAAAAXRSTlMmkutdmwAAACBJREFUaN7twTEBAAAAwiD7p7bDbmAAAAAAAAAAAABAdieIAAGQh2mWAAAAAElFTkSuQmCC\" alt=\"\" title=\"Hungary&#8217;s Migration Policy Seen as Model for U.S.\" data-type=\"image_tag\" data-img-url=\"https:\/\/www.bocskairadio.org\/wp-content\/uploads\/2025\/04\/us-capitol-many-us-flags-illustration-356x220.jpeg\"  width=\"356\" height=\"220\" \/><\/a><\/div>\r\n            <div class=\"td-module-meta-info\">\r\n                <h3 class=\"entry-title td-module-title\"><a href=\"https:\/\/www.bocskairadio.org\/en\/hungarys-migration-policy-seen-as-model-for-u-s\/\"  rel=\"bookmark\" title=\"Hungary&#8217;s Migration Policy Seen as Model for U.S.\">Hungary&#8217;s Migration Policy Seen as Model for U.S.<\/a><\/h3>                <div class=\"td-editor-date\">\r\n                    <a href=\"https:\/\/www.bocskairadio.org\/en\/category\/news\/local-events-and-news\/\" class=\"td-post-category\" >Local events and news<\/a>                    <span class=\"td-author-date\">\r\n                        <span class=\"td-post-author-name\"><a href=\"https:\/\/www.bocskairadio.org\/en\/author\/sajtofigyelo\/\">Bocskai R\u00e1di\u00f3 Sajt\u00f3figyel\u0151<\/a> <span>-<\/span> <\/span>                        <span class=\"td-post-date\"><time class=\"entry-date updated td-module-date\" datetime=\"2025-04-05T13:50:20-04:00\" >2025. April 5.<\/time><\/span>                    <\/span>\r\n                <\/div>\r\n            <\/div>\r\n\r\n        <\/div>\r\n\r\n        \n\t<\/div> <!-- .\/td-block-span6 --><\/div><!--.\/row-fluid--><\/div><div class=\"td-load-more-wrap\"><a href=\"#\" class=\"td_ajax_load_more td_ajax_load_more_js\" aria-label=\"Load more\" id=\"next-page-tdi_7\" data-td_block_id=\"tdi_7\">Load more<i class=\"td-load-more-icon td-icon-font td-icon-menu-right\"><\/i><\/a><\/div><\/div> <!-- .\/block --><div class=\"clearfix\"><\/div><div class=\"td_block_wrap td_block_11 tdi_8 td-pb-border-top td_block_template_1 td-column-2\"  data-td-block-uid=\"tdi_8\" ><script>var block_tdi_8 = new tdBlock();\nblock_tdi_8.id = \"tdi_8\";\nblock_tdi_8.atts = '{\"custom_title\":\"Hungary\",\"limit\":\"10\",\"category_id\":\"519\",\"block_type\":\"td_block_11\",\"separator\":\"\",\"custom_url\":\"\",\"block_template_id\":\"\",\"m10_tl\":\"\",\"m10_el\":\"\",\"post_ids\":\"\",\"taxonomies\":\"\",\"category_ids\":\"\",\"in_all_terms\":\"\",\"tag_slug\":\"\",\"autors_id\":\"\",\"installed_post_types\":\"\",\"include_cf_posts\":\"\",\"exclude_cf_posts\":\"\",\"sort\":\"\",\"popular_by_date\":\"\",\"linked_posts\":\"\",\"favourite_only\":\"\",\"offset\":\"\",\"open_in_new_window\":\"\",\"show_modified_date\":\"\",\"time_ago\":\"\",\"time_ago_add_txt\":\"ago\",\"time_ago_txt_pos\":\"\",\"review_source\":\"\",\"el_class\":\"\",\"td_ajax_filter_type\":\"\",\"td_ajax_filter_ids\":\"\",\"td_filter_default_txt\":\"All\",\"td_ajax_preloading\":\"\",\"f_header_font_header\":\"\",\"f_header_font_title\":\"Block header\",\"f_header_font_settings\":\"\",\"f_header_font_family\":\"\",\"f_header_font_size\":\"\",\"f_header_font_line_height\":\"\",\"f_header_font_style\":\"\",\"f_header_font_weight\":\"\",\"f_header_font_transform\":\"\",\"f_header_font_spacing\":\"\",\"f_header_\":\"\",\"f_ajax_font_title\":\"Ajax categories\",\"f_ajax_font_settings\":\"\",\"f_ajax_font_family\":\"\",\"f_ajax_font_size\":\"\",\"f_ajax_font_line_height\":\"\",\"f_ajax_font_style\":\"\",\"f_ajax_font_weight\":\"\",\"f_ajax_font_transform\":\"\",\"f_ajax_font_spacing\":\"\",\"f_ajax_\":\"\",\"f_more_font_title\":\"Load more button\",\"f_more_font_settings\":\"\",\"f_more_font_family\":\"\",\"f_more_font_size\":\"\",\"f_more_font_line_height\":\"\",\"f_more_font_style\":\"\",\"f_more_font_weight\":\"\",\"f_more_font_transform\":\"\",\"f_more_font_spacing\":\"\",\"f_more_\":\"\",\"m10f_title_font_header\":\"\",\"m10f_title_font_title\":\"Article title\",\"m10f_title_font_settings\":\"\",\"m10f_title_font_family\":\"\",\"m10f_title_font_size\":\"\",\"m10f_title_font_line_height\":\"\",\"m10f_title_font_style\":\"\",\"m10f_title_font_weight\":\"\",\"m10f_title_font_transform\":\"\",\"m10f_title_font_spacing\":\"\",\"m10f_title_\":\"\",\"m10f_cat_font_title\":\"Article category tag\",\"m10f_cat_font_settings\":\"\",\"m10f_cat_font_family\":\"\",\"m10f_cat_font_size\":\"\",\"m10f_cat_font_line_height\":\"\",\"m10f_cat_font_style\":\"\",\"m10f_cat_font_weight\":\"\",\"m10f_cat_font_transform\":\"\",\"m10f_cat_font_spacing\":\"\",\"m10f_cat_\":\"\",\"m10f_meta_font_title\":\"Article meta info\",\"m10f_meta_font_settings\":\"\",\"m10f_meta_font_family\":\"\",\"m10f_meta_font_size\":\"\",\"m10f_meta_font_line_height\":\"\",\"m10f_meta_font_style\":\"\",\"m10f_meta_font_weight\":\"\",\"m10f_meta_font_transform\":\"\",\"m10f_meta_font_spacing\":\"\",\"m10f_meta_\":\"\",\"m10f_ex_font_title\":\"Article excerpt\",\"m10f_ex_font_settings\":\"\",\"m10f_ex_font_family\":\"\",\"m10f_ex_font_size\":\"\",\"m10f_ex_font_line_height\":\"\",\"m10f_ex_font_style\":\"\",\"m10f_ex_font_weight\":\"\",\"m10f_ex_font_transform\":\"\",\"m10f_ex_font_spacing\":\"\",\"m10f_ex_\":\"\",\"ajax_pagination\":\"\",\"ajax_pagination_next_prev_swipe\":\"\",\"ajax_pagination_infinite_stop\":\"\",\"css\":\"\",\"tdc_css\":\"\",\"td_column_number\":2,\"header_color\":\"\",\"color_preset\":\"\",\"border_top\":\"\",\"class\":\"tdi_8\",\"tdc_css_class\":\"tdi_8\",\"tdc_css_class_style\":\"tdi_8_rand_style\"}';\nblock_tdi_8.td_column_number = \"2\";\nblock_tdi_8.block_type = \"td_block_11\";\nblock_tdi_8.post_count = \"10\";\nblock_tdi_8.found_posts = \"63\";\nblock_tdi_8.header_color = \"\";\nblock_tdi_8.ajax_pagination_infinite_stop = \"\";\nblock_tdi_8.max_num_pages = \"7\";\ntdBlocksArray.push(block_tdi_8);\n<\/script><div class=\"td-block-title-wrap\"><h4 class=\"block-title td-block-title\"><span class=\"td-pulldown-size\">Hungary<\/span><\/h4><\/div><div id=tdi_8 class=\"td_block_inner\">\n\n\t<div class=\"td-block-span12\">\n\r\n        <div class=\"td_module_10 td_module_wrap td-animation-stack\">\r\n            <div class=\"td-module-thumb\"><a href=\"https:\/\/www.bocskairadio.org\/en\/viktor-orban-declares-first-battle-won-but-warns-of-migration-and-oil-crisis\/\"  rel=\"bookmark\" class=\"td-image-wrap \" title=\"Viktor Orb\u00e1n Declares \u201eFirst Battle Won\u201d but Warns of Migration and Oil Crisis\" ><img loading=\"lazy\" decoding=\"async\" class=\"entry-thumb\" src=\"data:image\/png;base64,iVBORw0KGgoAAAANSUhEUgAAANoAAACWAQMAAACCSQSPAAAAA1BMVEWurq51dlI4AAAAAXRSTlMmkutdmwAAABpJREFUWMPtwQENAAAAwiD7p7bHBwwAAAAg7RD+AAGXD7BoAAAAAElFTkSuQmCC\" alt=\"\" title=\"Viktor Orb\u00e1n Declares \u201eFirst Battle Won\u201d but Warns of Migration and Oil Crisis\" data-type=\"image_tag\" data-img-url=\"https:\/\/www.bocskairadio.org\/wp-content\/uploads\/2026\/03\/orban-viktor-miniszterelnok-nyilatkozik-az-eu-csucsrol-tavozva-brusszelben-mellette-mate-janos-a-miniszterelnoki-programirodat-vezeto-allamtitkar-2026mar-218x150.jpeg\"  width=\"217\" height=\"150\" \/><\/a><\/div>\r\n            <div class=\"item-details\">\r\n            <h3 class=\"entry-title td-module-title\"><a href=\"https:\/\/www.bocskairadio.org\/en\/viktor-orban-declares-first-battle-won-but-warns-of-migration-and-oil-crisis\/\"  rel=\"bookmark\" title=\"Viktor Orb\u00e1n Declares \u201eFirst Battle Won\u201d but Warns of Migration and Oil Crisis\">Viktor Orb\u00e1n Declares \u201eFirst Battle Won\u201d but Warns of Migration and Oil Crisis<\/a><\/h3>\r\n                <div class=\"td-module-meta-info\">\r\n                    <a href=\"https:\/\/www.bocskairadio.org\/en\/category\/news\/magyarorszag-en\/\" class=\"td-post-category\" >Magyarorsz\u00e1gi h\u00edrek<\/a>                        <span class=\"td-post-author-name\"><a href=\"https:\/\/www.bocskairadio.org\/en\/author\/sajtofigyelo\/\">Bocskai R\u00e1di\u00f3 Sajt\u00f3figyel\u0151<\/a> <span>-<\/span> <\/span>                        <span class=\"td-post-date\"><time class=\"entry-date updated td-module-date\" datetime=\"2026-03-21T12:28:43-04:00\" >2026. March 21.<\/time><\/span>                                        <\/div>\r\n\r\n                <div class=\"td-excerpt\">\r\n                    Speaking to the press on Friday morning, the prime minister noted that Hungary, the Czech Republic, and Slovakia had previously opposed taking out the...                <\/div>\r\n            <\/div>\r\n\r\n        <\/div>\r\n\r\n        \n\t<\/div> <!-- .\/td-block-span12 -->\n\n\t<div class=\"td-block-span12\">\n\r\n        <div class=\"td_module_10 td_module_wrap td-animation-stack\">\r\n            <div class=\"td-module-thumb\"><a href=\"https:\/\/www.bocskairadio.org\/en\/pm-orban-hungary-will-not-be-intimidated-by-threats\/\"  rel=\"bookmark\" class=\"td-image-wrap \" title=\"PM Orban: Hungary Will Not Be Intimidated by Threats\" ><img loading=\"lazy\" decoding=\"async\" class=\"entry-thumb\" src=\"data:image\/png;base64,iVBORw0KGgoAAAANSUhEUgAAANoAAACWAQMAAACCSQSPAAAAA1BMVEWurq51dlI4AAAAAXRSTlMmkutdmwAAABpJREFUWMPtwQENAAAAwiD7p7bHBwwAAAAg7RD+AAGXD7BoAAAAAElFTkSuQmCC\" alt=\"\" title=\"PM Orban: Hungary Will Not Be Intimidated by Threats\" data-type=\"image_tag\" data-img-url=\"https:\/\/www.bocskairadio.org\/wp-content\/uploads\/2026\/03\/pm-viktor-orban-taking-selfi-with-crowd-elections-campaign-2026-illustration-218x150.jpeg\"  width=\"217\" height=\"150\" \/><\/a><\/div>\r\n            <div class=\"item-details\">\r\n            <h3 class=\"entry-title td-module-title\"><a href=\"https:\/\/www.bocskairadio.org\/en\/pm-orban-hungary-will-not-be-intimidated-by-threats\/\"  rel=\"bookmark\" title=\"PM Orban: Hungary Will Not Be Intimidated by Threats\">PM Orban: Hungary Will Not Be Intimidated by Threats<\/a><\/h3>\r\n                <div class=\"td-module-meta-info\">\r\n                    <a href=\"https:\/\/www.bocskairadio.org\/en\/category\/news\/magyarorszag-en\/\" class=\"td-post-category\" >Magyarorsz\u00e1gi h\u00edrek<\/a>                        <span class=\"td-post-author-name\"><a href=\"https:\/\/www.bocskairadio.org\/en\/author\/sajtofigyelo\/\">Bocskai R\u00e1di\u00f3 Sajt\u00f3figyel\u0151<\/a> <span>-<\/span> <\/span>                        <span class=\"td-post-date\"><time class=\"entry-date updated td-module-date\" datetime=\"2026-03-12T14:24:38-04:00\" >2026. March 12.<\/time><\/span>                                        <\/div>\r\n\r\n                <div class=\"td-excerpt\">\r\n                    At stake in the parliamentary election is whether &quot;Zelensky will form a government or I will,&quot; Viktor Orban said at a public forum in...                <\/div>\r\n            <\/div>\r\n\r\n        <\/div>\r\n\r\n        \n\t<\/div> <!-- .\/td-block-span12 -->\n\n\t<div class=\"td-block-span12\">\n\r\n        <div class=\"td_module_10 td_module_wrap td-animation-stack\">\r\n            <div class=\"td-module-thumb\"><a href=\"https:\/\/www.bocskairadio.org\/en\/1109578\/\"  rel=\"bookmark\" class=\"td-image-wrap \" title=\"Hungary to Block \u20ac90 Billion Ukraine Loan\" ><img loading=\"lazy\" decoding=\"async\" class=\"entry-thumb\" src=\"data:image\/png;base64,iVBORw0KGgoAAAANSUhEUgAAANoAAACWAQMAAACCSQSPAAAAA1BMVEWurq51dlI4AAAAAXRSTlMmkutdmwAAABpJREFUWMPtwQENAAAAwiD7p7bHBwwAAAAg7RD+AAGXD7BoAAAAAElFTkSuQmCC\" alt=\"\" title=\"Hungary to Block \u20ac90 Billion Ukraine Loan\" data-type=\"image_tag\" data-img-url=\"https:\/\/www.bocskairadio.org\/wp-content\/uploads\/2026\/02\/foreign-minister-peter-szijjarto-2026-218x150.jpeg\"  width=\"217\" height=\"150\" \/><\/a><\/div>\r\n            <div class=\"item-details\">\r\n            <h3 class=\"entry-title td-module-title\"><a href=\"https:\/\/www.bocskairadio.org\/en\/1109578\/\"  rel=\"bookmark\" title=\"Hungary to Block \u20ac90 Billion Ukraine Loan\">Hungary to Block \u20ac90 Billion Ukraine Loan<\/a><\/h3>\r\n                <div class=\"td-module-meta-info\">\r\n                    <a href=\"https:\/\/www.bocskairadio.org\/en\/category\/news\/magyarorszag-en\/\" class=\"td-post-category\" >Magyarorsz\u00e1gi h\u00edrek<\/a>                        <span class=\"td-post-author-name\"><a href=\"https:\/\/www.bocskairadio.org\/en\/author\/sajtofigyelo\/\">Bocskai R\u00e1di\u00f3 Sajt\u00f3figyel\u0151<\/a> <span>-<\/span> <\/span>                        <span class=\"td-post-date\"><time class=\"entry-date updated td-module-date\" datetime=\"2026-02-21T11:47:10-05:00\" >2026. February 21.<\/time><\/span>                                        <\/div>\r\n\r\n                <div class=\"td-excerpt\">\r\n                    Foreign Minister Peter Szijjarto issued an extraordinary announcement on social media, outlining the latest developments and their consequences for Hungary.\r\n\r\n\r\n\r\nSzijjarto  stated that Ukraine...                <\/div>\r\n            <\/div>\r\n\r\n        <\/div>\r\n\r\n        \n\t<\/div> <!-- .\/td-block-span12 -->\n\n\t<div class=\"td-block-span12\">\n\r\n        <div class=\"td_module_10 td_module_wrap td-animation-stack\">\r\n            <div class=\"td-module-thumb\"><a href=\"https:\/\/www.bocskairadio.org\/en\/migration-and-family-policy-hungarian-think-tank-presents-its-christian-approach-in-washington\/\"  rel=\"bookmark\" class=\"td-image-wrap \" title=\"Migration and Family Policy: Hungarian Think Tank Presents Its Christian Approach in Washington\" ><img loading=\"lazy\" decoding=\"async\" class=\"entry-thumb\" src=\"data:image\/png;base64,iVBORw0KGgoAAAANSUhEUgAAANoAAACWAQMAAACCSQSPAAAAA1BMVEWurq51dlI4AAAAAXRSTlMmkutdmwAAABpJREFUWMPtwQENAAAAwiD7p7bHBwwAAAAg7RD+AAGXD7BoAAAAAElFTkSuQmCC\" alt=\"\" title=\"Migration and Family Policy: Hungarian Think Tank Presents Its Christian Approach in Washington\" data-type=\"image_tag\" data-img-url=\"https:\/\/www.bocskairadio.org\/wp-content\/uploads\/2026\/02\/family-csalad-illusztracio-218x150.jpeg\"  width=\"217\" height=\"150\" \/><\/a><\/div>\r\n            <div class=\"item-details\">\r\n            <h3 class=\"entry-title td-module-title\"><a href=\"https:\/\/www.bocskairadio.org\/en\/migration-and-family-policy-hungarian-think-tank-presents-its-christian-approach-in-washington\/\"  rel=\"bookmark\" title=\"Migration and Family Policy: Hungarian Think Tank Presents Its Christian Approach in Washington\">Migration and Family Policy: Hungarian Think Tank Presents Its Christian Approach in Washington<\/a><\/h3>\r\n                <div class=\"td-module-meta-info\">\r\n                    <a href=\"https:\/\/www.bocskairadio.org\/en\/category\/news\/magyarorszag-en\/\" class=\"td-post-category\" >Magyarorsz\u00e1gi h\u00edrek<\/a>                        <span class=\"td-post-author-name\"><a href=\"https:\/\/www.bocskairadio.org\/en\/author\/sajtofigyelo\/\">Bocskai R\u00e1di\u00f3 Sajt\u00f3figyel\u0151<\/a> <span>-<\/span> <\/span>                        <span class=\"td-post-date\"><time class=\"entry-date updated td-module-date\" datetime=\"2026-02-06T13:32:41-05:00\" >2026. February 6.<\/time><\/span>                                        <\/div>\r\n\r\n                <div class=\"td-excerpt\">\r\n                    The Axioma Center\u2019s volumes on migration and family policy were presented on Wednesday in Washington to an American professional audience.\r\n\r\n\r\n\r\nAt an event held at...                <\/div>\r\n            <\/div>\r\n\r\n        <\/div>\r\n\r\n        \n\t<\/div> <!-- .\/td-block-span12 -->\n\n\t<div class=\"td-block-span12\">\n\r\n        <div class=\"td_module_10 td_module_wrap td-animation-stack\">\r\n            <div class=\"td-module-thumb\"><a href=\"https:\/\/www.bocskairadio.org\/en\/pm-orban-zelensky-is-on-the-wrong-track-but-brussels-rushes-to-pay\/\"  rel=\"bookmark\" class=\"td-image-wrap \" title=\"PM Orban: Zelensky Is on the Wrong Track, but Brussels Rushes to Pay\" ><img loading=\"lazy\" decoding=\"async\" class=\"entry-thumb\" src=\"data:image\/png;base64,iVBORw0KGgoAAAANSUhEUgAAANoAAACWAQMAAACCSQSPAAAAA1BMVEWurq51dlI4AAAAAXRSTlMmkutdmwAAABpJREFUWMPtwQENAAAAwiD7p7bHBwwAAAAg7RD+AAGXD7BoAAAAAElFTkSuQmCC\" alt=\"\" title=\"PM Orban: Zelensky Is on the Wrong Track, but Brussels Rushes to Pay\" data-type=\"image_tag\" data-img-url=\"https:\/\/www.bocskairadio.org\/wp-content\/uploads\/2026\/01\/hungarian-prime-minister-viktor-orban-press-brussels-jan2026-218x150.jpeg\"  width=\"217\" height=\"150\" \/><\/a><\/div>\r\n            <div class=\"item-details\">\r\n            <h3 class=\"entry-title td-module-title\"><a href=\"https:\/\/www.bocskairadio.org\/en\/pm-orban-zelensky-is-on-the-wrong-track-but-brussels-rushes-to-pay\/\"  rel=\"bookmark\" title=\"PM Orban: Zelensky Is on the Wrong Track, but Brussels Rushes to Pay\">PM Orban: Zelensky Is on the Wrong Track, but Brussels Rushes to Pay<\/a><\/h3>\r\n                <div class=\"td-module-meta-info\">\r\n                    <a href=\"https:\/\/www.bocskairadio.org\/en\/category\/news\/magyarorszag-en\/\" class=\"td-post-category\" >Magyarorsz\u00e1gi h\u00edrek<\/a>                        <span class=\"td-post-author-name\"><a href=\"https:\/\/www.bocskairadio.org\/en\/author\/sajtofigyelo\/\">Bocskai R\u00e1di\u00f3 Sajt\u00f3figyel\u0151<\/a> <span>-<\/span> <\/span>                        <span class=\"td-post-date\"><time class=\"entry-date updated td-module-date\" datetime=\"2026-01-23T18:53:51-05:00\" >2026. January 23.<\/time><\/span>                                        <\/div>\r\n\r\n                <div class=\"td-excerpt\">\r\n                    Hungarian Prime Minister Viktor Orban delivered sharp criticism of Brussels in a statement posted on social media. PM Orban wrote that the Ukrainian president...                <\/div>\r\n            <\/div>\r\n\r\n        <\/div>\r\n\r\n        \n\t<\/div> <!-- .\/td-block-span12 -->\n\n\t<div class=\"td-block-span12\">\n\r\n        <div class=\"td_module_10 td_module_wrap td-animation-stack\">\r\n            <div class=\"td-module-thumb\"><a href=\"https:\/\/www.bocskairadio.org\/en\/hungary-is-becoming-a-regional-gas-distribution-hub\/\"  rel=\"bookmark\" class=\"td-image-wrap \" title=\"Hungary Is Becoming a Regional Gas Distribution Hub\" ><img loading=\"lazy\" decoding=\"async\" class=\"entry-thumb\" src=\"data:image\/png;base64,iVBORw0KGgoAAAANSUhEUgAAANoAAACWAQMAAACCSQSPAAAAA1BMVEWurq51dlI4AAAAAXRSTlMmkutdmwAAABpJREFUWMPtwQENAAAAwiD7p7bHBwwAAAAg7RD+AAGXD7BoAAAAAElFTkSuQmCC\" alt=\"\" title=\"Hungary Is Becoming a Regional Gas Distribution Hub\" data-type=\"image_tag\" data-img-url=\"https:\/\/www.bocskairadio.org\/wp-content\/uploads\/2026\/01\/oil-refinery-plant-illustration-218x150.jpg\"  width=\"217\" height=\"150\" \/><\/a><\/div>\r\n            <div class=\"item-details\">\r\n            <h3 class=\"entry-title td-module-title\"><a href=\"https:\/\/www.bocskairadio.org\/en\/hungary-is-becoming-a-regional-gas-distribution-hub\/\"  rel=\"bookmark\" title=\"Hungary Is Becoming a Regional Gas Distribution Hub\">Hungary Is Becoming a Regional Gas Distribution Hub<\/a><\/h3>\r\n                <div class=\"td-module-meta-info\">\r\n                    <a href=\"https:\/\/www.bocskairadio.org\/en\/category\/news\/magyarorszag-en\/\" class=\"td-post-category\" >Magyarorsz\u00e1gi h\u00edrek<\/a>                        <span class=\"td-post-author-name\"><a href=\"https:\/\/www.bocskairadio.org\/en\/author\/sajtofigyelo\/\">Bocskai R\u00e1di\u00f3 Sajt\u00f3figyel\u0151<\/a> <span>-<\/span> <\/span>                        <span class=\"td-post-date\"><time class=\"entry-date updated td-module-date\" datetime=\"2026-01-22T15:59:20-05:00\" >2026. January 22.<\/time><\/span>                                        <\/div>\r\n\r\n                <div class=\"td-excerpt\">\r\n                    In recent years, Hungary has developed into a regional gas hub. The country imports significant amounts of natural gas, while exports have risen significantly.\u00a0\r\n\r\n\r\n\r\nThe...                <\/div>\r\n            <\/div>\r\n\r\n        <\/div>\r\n\r\n        \n\t<\/div> <!-- .\/td-block-span12 -->\n\n\t<div class=\"td-block-span12\">\n\r\n        <div class=\"td_module_10 td_module_wrap td-animation-stack\">\r\n            <div class=\"td-module-thumb\"><a href=\"https:\/\/www.bocskairadio.org\/en\/hundreds-brave-the-icy-waters-of-lake-balaton-in-traditional-new-years-dip\/\"  rel=\"bookmark\" class=\"td-image-wrap \" title=\"Hundreds Brave the Icy Waters of Lake Balaton in Traditional New Year\u2019s Dip\" ><img loading=\"lazy\" decoding=\"async\" class=\"entry-thumb\" src=\"data:image\/png;base64,iVBORw0KGgoAAAANSUhEUgAAANoAAACWAQMAAACCSQSPAAAAA1BMVEWurq51dlI4AAAAAXRSTlMmkutdmwAAABpJREFUWMPtwQENAAAAwiD7p7bHBwwAAAAg7RD+AAGXD7BoAAAAAElFTkSuQmCC\" alt=\"\" title=\"Hundreds Brave the Icy Waters of Lake Balaton in Traditional New Year\u2019s Dip\" data-type=\"image_tag\" data-img-url=\"https:\/\/www.bocskairadio.org\/wp-content\/uploads\/2026\/01\/hagyomanyos-balatoni-ujevi-furdozes-fagypont-koruli-vizben-szigligeti-strand-2026jan-218x150.jpg\"  width=\"217\" height=\"150\" \/><\/a><\/div>\r\n            <div class=\"item-details\">\r\n            <h3 class=\"entry-title td-module-title\"><a href=\"https:\/\/www.bocskairadio.org\/en\/hundreds-brave-the-icy-waters-of-lake-balaton-in-traditional-new-years-dip\/\"  rel=\"bookmark\" title=\"Hundreds Brave the Icy Waters of Lake Balaton in Traditional New Year\u2019s Dip\">Hundreds Brave the Icy Waters of Lake Balaton in Traditional New Year\u2019s Dip<\/a><\/h3>\r\n                <div class=\"td-module-meta-info\">\r\n                    <a href=\"https:\/\/www.bocskairadio.org\/en\/category\/news\/magyarorszag-en\/\" class=\"td-post-category\" >Magyarorsz\u00e1gi h\u00edrek<\/a>                        <span class=\"td-post-author-name\"><a href=\"https:\/\/www.bocskairadio.org\/en\/author\/sajtofigyelo\/\">Bocskai R\u00e1di\u00f3 Sajt\u00f3figyel\u0151<\/a> <span>-<\/span> <\/span>                        <span class=\"td-post-date\"><time class=\"entry-date updated td-module-date\" datetime=\"2026-01-03T11:06:59-05:00\" >2026. January 3.<\/time><\/span>                                        <\/div>\r\n\r\n                <div class=\"td-excerpt\">\r\n                    On the first day of 2026, the beach at Szigliget was once again crowded: the bravest took a dip in Lake Balaton, while others...                <\/div>\r\n            <\/div>\r\n\r\n        <\/div>\r\n\r\n        \n\t<\/div> <!-- .\/td-block-span12 -->\n\n\t<div class=\"td-block-span12\">\n\r\n        <div class=\"td_module_10 td_module_wrap td-animation-stack\">\r\n            <div class=\"td-module-thumb\"><a href=\"https:\/\/www.bocskairadio.org\/en\/hungary-ranks-among-top-oecd-countries-for-tax-competitiveness\/\"  rel=\"bookmark\" class=\"td-image-wrap \" title=\"Hungary Ranks among Top OECD Countries for Tax Competitiveness\" ><img loading=\"lazy\" decoding=\"async\" class=\"entry-thumb\" src=\"data:image\/png;base64,iVBORw0KGgoAAAANSUhEUgAAANoAAACWAQMAAACCSQSPAAAAA1BMVEWurq51dlI4AAAAAXRSTlMmkutdmwAAABpJREFUWMPtwQENAAAAwiD7p7bHBwwAAAAg7RD+AAGXD7BoAAAAAElFTkSuQmCC\" alt=\"\" title=\"Hungary Ranks among Top OECD Countries for Tax Competitiveness\" data-type=\"image_tag\" data-img-url=\"https:\/\/www.bocskairadio.org\/wp-content\/uploads\/2025\/12\/magyar-orszaghaz-hungarian-parliament-illusztracio-218x150.jpg\"  width=\"217\" height=\"150\" \/><\/a><\/div>\r\n            <div class=\"item-details\">\r\n            <h3 class=\"entry-title td-module-title\"><a href=\"https:\/\/www.bocskairadio.org\/en\/hungary-ranks-among-top-oecd-countries-for-tax-competitiveness\/\"  rel=\"bookmark\" title=\"Hungary Ranks among Top OECD Countries for Tax Competitiveness\">Hungary Ranks among Top OECD Countries for Tax Competitiveness<\/a><\/h3>\r\n                <div class=\"td-module-meta-info\">\r\n                    <a href=\"https:\/\/www.bocskairadio.org\/en\/category\/news\/magyarorszag-en\/\" class=\"td-post-category\" >Magyarorsz\u00e1gi h\u00edrek<\/a>                        <span class=\"td-post-author-name\"><a href=\"https:\/\/www.bocskairadio.org\/en\/author\/sajtofigyelo\/\">Bocskai R\u00e1di\u00f3 Sajt\u00f3figyel\u0151<\/a> <span>-<\/span> <\/span>                        <span class=\"td-post-date\"><time class=\"entry-date updated td-module-date\" datetime=\"2025-12-08T14:31:03-05:00\" >2025. December 8.<\/time><\/span>                                        <\/div>\r\n\r\n                <div class=\"td-excerpt\">\r\n                    The Tax Foundation, an independent research institute based in the U.S., has examined  the tax systems of the 38 OECD (Organization for Economic...                <\/div>\r\n            <\/div>\r\n\r\n        <\/div>\r\n\r\n        \n\t<\/div> <!-- .\/td-block-span12 -->\n\n\t<div class=\"td-block-span12\">\n\r\n        <div class=\"td_module_10 td_module_wrap td-animation-stack\">\r\n            <div class=\"td-module-thumb\"><a href=\"https:\/\/www.bocskairadio.org\/en\/pm-orban-announces-hungarys-2026-minimum-wage-levels\/\"  rel=\"bookmark\" class=\"td-image-wrap \" title=\"PM Orban Announces Hungary\u2019s 2026 Minimum Wage Levels\" ><img loading=\"lazy\" decoding=\"async\" class=\"entry-thumb\" src=\"data:image\/png;base64,iVBORw0KGgoAAAANSUhEUgAAANoAAACWAQMAAACCSQSPAAAAA1BMVEWurq51dlI4AAAAAXRSTlMmkutdmwAAABpJREFUWMPtwQENAAAAwiD7p7bHBwwAAAAg7RD+AAGXD7BoAAAAAElFTkSuQmCC\" alt=\"\" title=\"PM Orban Announces Hungary\u2019s 2026 Minimum Wage Levels\" data-type=\"image_tag\" data-img-url=\"https:\/\/www.bocskairadio.org\/wp-content\/uploads\/2025\/12\/pm-orban-announces-hungarys-2026-minimum-wage-levels-dec2025-218x150.jpg\"  width=\"217\" height=\"150\" \/><\/a><\/div>\r\n            <div class=\"item-details\">\r\n            <h3 class=\"entry-title td-module-title\"><a href=\"https:\/\/www.bocskairadio.org\/en\/pm-orban-announces-hungarys-2026-minimum-wage-levels\/\"  rel=\"bookmark\" title=\"PM Orban Announces Hungary\u2019s 2026 Minimum Wage Levels\">PM Orban Announces Hungary\u2019s 2026 Minimum Wage Levels<\/a><\/h3>\r\n                <div class=\"td-module-meta-info\">\r\n                    <a href=\"https:\/\/www.bocskairadio.org\/en\/category\/news\/magyarorszag-en\/\" class=\"td-post-category\" >Magyarorsz\u00e1gi h\u00edrek<\/a>                        <span class=\"td-post-author-name\"><a href=\"https:\/\/www.bocskairadio.org\/en\/author\/sajtofigyelo\/\">Bocskai R\u00e1di\u00f3 Sajt\u00f3figyel\u0151<\/a> <span>-<\/span> <\/span>                        <span class=\"td-post-date\"><time class=\"entry-date updated td-module-date\" datetime=\"2025-12-05T18:15:05-05:00\" >2025. December 5.<\/time><\/span>                                        <\/div>\r\n\r\n                <div class=\"td-excerpt\">\r\n                    Prime Minister Viktor Orban has announced that Hungary\u2019s new minimum wage will be 322,800 forints, an 11 percent increase. The guaranteed wage minimum will...                <\/div>\r\n            <\/div>\r\n\r\n        <\/div>\r\n\r\n        \n\t<\/div> <!-- .\/td-block-span12 -->\n\n\t<div class=\"td-block-span12\">\n\r\n        <div class=\"td_module_10 td_module_wrap td-animation-stack\">\r\n            <div class=\"td-module-thumb\"><a href=\"https:\/\/www.bocskairadio.org\/en\/hungarian-pentathlete-becomes-the-oldest-living-olympic-champion\/\"  rel=\"bookmark\" class=\"td-image-wrap \" title=\"Hungarian Pentathlete Becomes the Oldest Living Olympic Champion\" ><img loading=\"lazy\" decoding=\"async\" class=\"entry-thumb\" src=\"data:image\/png;base64,iVBORw0KGgoAAAANSUhEUgAAANoAAACWAQMAAACCSQSPAAAAA1BMVEWurq51dlI4AAAAAXRSTlMmkutdmwAAABpJREFUWMPtwQENAAAAwiD7p7bHBwwAAAAg7RD+AAGXD7BoAAAAAElFTkSuQmCC\" alt=\"\" title=\"Hungarian Pentathlete Becomes the Oldest Living Olympic Champion\" data-type=\"image_tag\" data-img-url=\"https:\/\/www.bocskairadio.org\/wp-content\/uploads\/2025\/11\/gabor-benedek-pentathlete-1952-218x150.jpg\"  width=\"217\" height=\"150\" \/><\/a><\/div>\r\n            <div class=\"item-details\">\r\n            <h3 class=\"entry-title td-module-title\"><a href=\"https:\/\/www.bocskairadio.org\/en\/hungarian-pentathlete-becomes-the-oldest-living-olympic-champion\/\"  rel=\"bookmark\" title=\"Hungarian Pentathlete Becomes the Oldest Living Olympic Champion\">Hungarian Pentathlete Becomes the Oldest Living Olympic Champion<\/a><\/h3>\r\n                <div class=\"td-module-meta-info\">\r\n                    <a href=\"https:\/\/www.bocskairadio.org\/en\/category\/news\/magyarorszag-en\/\" class=\"td-post-category\" >Magyarorsz\u00e1gi h\u00edrek<\/a>                        <span class=\"td-post-author-name\"><a href=\"https:\/\/www.bocskairadio.org\/en\/author\/sajtofigyelo\/\">Bocskai R\u00e1di\u00f3 Sajt\u00f3figyel\u0151<\/a> <span>-<\/span> <\/span>                        <span class=\"td-post-date\"><time class=\"entry-date updated td-module-date\" datetime=\"2025-11-27T07:09:08-05:00\" >2025. November 27.<\/time><\/span>                                        <\/div>\r\n\r\n                <div class=\"td-excerpt\">\r\n                    G\u00e1bor Benedek, Olympic and world champion in modern pentathlon, has become the oldest living Olympic champion in the world at the age of 98....                <\/div>\r\n            <\/div>\r\n\r\n        <\/div>\r\n\r\n        \n\t<\/div> <!-- .\/td-block-span12 --><\/div><\/div> <!-- .\/block --><\/div><\/div><div class=\"vc_column tdi_10  wpb_column vc_column_container tdc-column td-pb-span4\">\n<style scoped>\n\/* custom css - generated by TagDiv Composer *\/\n\n\/* custom css - generated by TagDiv Composer *\/\n.tdi_10{\r\n                    vertical-align: baseline;\r\n                }.tdi_10 > .wpb_wrapper,\r\n\t\t\t\t.tdi_10 > .wpb_wrapper > .tdc-elements{\r\n\t\t\t\t    display: block;\r\n\t\t\t\t}.tdi_10 > .wpb_wrapper > .tdc-elements{\r\n\t\t\t\t    width: 100%;\r\n\t\t\t\t}.tdi_10 > .wpb_wrapper > .vc_row_inner{\r\n\t\t\t\t    width: auto;\r\n\t\t\t\t}.tdi_10 > .wpb_wrapper{\r\n\t\t\t\t    width: auto;\r\n\t\t\t\t    height: auto;\r\n\t\t\t\t}\n<\/style><div class=\"wpb_wrapper\" ><div class=\"wpb_wrapper td_block_wrap vc_widget_sidebar tdi_12 \" ><div class=\"td-a-rec td-a-rec-id-custom_ad_1  tdi_13 td_block_template_1\">\n<style>\n\/* custom css - generated by TagDiv Composer *\/\n.tdi_13.td-a-rec{\r\n\t\t\t\t\ttext-align: center;\r\n\t\t\t\t}.tdi_13.td-a-rec:not(.td-a-rec-no-translate){\r\n\t\t\t\t    transform: translateZ(0);\r\n\t\t\t\t}.tdi_13 .td-element-style{\r\n\t\t\t\t\tz-index: -1;\r\n\t\t\t\t}.tdi_13.td-a-rec-img{\r\n\t\t\t\t    text-align: left;\r\n\t\t\t\t}.tdi_13.td-a-rec-img img{\r\n                    margin: 0 auto 0 0;\r\n                }.tdi_13 .td_spot_img_all img,\r\n\t\t\t\t.tdi_13 .td_spot_img_tl img,\r\n\t\t\t\t.tdi_13 .td_spot_img_tp img,\r\n\t\t\t\t.tdi_13 .td_spot_img_mob img{\r\n\t\t\t\t    border-style: none;\r\n\t\t\t\t}@media (max-width: 767px) {\r\n\t\t\t\t    .tdi_13.td-a-rec-img {\r\n\t\t\t\t        text-align: center;\r\n\t\t\t\t    }\r\n                }\n<\/style><div class=\"td-all-devices\"><a href=\"https:\/\/www.raslanpla.com\/erika-molnar.html\" target=\"_blank\" rel=\"noopener\"><img loading=\"lazy\" decoding=\"async\" class=\"aligncenter wp-image-1044669 size-medium\" src=\"https:\/\/spcdn.shortpixel.ai\/spio\/ret_img,q_cdnize,to_webp,s_webp\/www.bocskairadio.org\/wp-content\/uploads\/2023\/04\/EsqErikaMolnar-300x300-1.jpg\" alt=\"\" width=\"300\" height=\"300\" \/><\/a><\/div><\/div><div class=\"td_block_wrap td_block_image_box td_block_widget tdi_14 td-animation-stack td-box-vertical td-image-box-top td-pb-border-top td_block_template_1\"  data-td-block-uid=\"tdi_14\" >\n<style>\n\/* custom css - generated by TagDiv Composer *\/\n.td_block_image_box .td-custom{\r\n                  position: relative;\r\n                }.td_block_image_box .td-custom a:hover:after{\r\n                  opacity: 0.6;\r\n                }.td_block_image_box .td-custom-image a{\r\n                  display: block;\r\n                  background-size: cover;\r\n                  background-position: center;\r\n                }.td_block_image_box .td-custom-image a:before{\r\n                  content: '';\r\n                  width: 100%;\r\n                  height: 100%;\r\n                  opacity: 0.4;\r\n                  position: absolute;\r\n                  top: 0;\r\n                  left: 0;\r\n                  background-color: #000;\r\n                  -webkit-transition: all 0.3s ease 0s;\r\n                  transition: all 0.3s ease 0s;\r\n                }.td_block_image_box .td-custom-image a:after{\r\n                  content: '';\r\n                  border: 1px solid #fff;\r\n                  opacity: 0.3;\r\n                  position: absolute;\r\n                  top: 0;\r\n                  left: 0;\r\n                  bottom: 0;\r\n                  right: 0;\r\n                  margin: 10px;\r\n                  -webkit-transition: all 0.3s ease 0s;\r\n                  transition: all 0.3s ease 0s;\r\n                }.td_block_image_box .td-custom-image.td-no-img-custom-url a{\r\n                  pointer-events: none;\r\n                  cursor: default;\r\n                }.td_block_image_box .td-custom-image img{\r\n                  vertical-align: top;\r\n                }.td_block_image_box .td-custom-title{\r\n                  position: absolute;\r\n                  top: 50%;\r\n                  -webkit-transform: translateY(-50%);\r\n                  transform: translateY(-50%);\r\n                  display: table;\r\n                  text-align: center;\r\n                  width: 100%;\r\n                  padding: 10px 20px;\r\n                  pointer-events: none;\r\n                }.td_block_image_box .entry-title{\r\n                  margin: 0;\r\n                  padding: 0;\r\n                  font-size: 19px;\r\n                  text-transform: uppercase;\r\n                  font-weight: 500;\r\n                }.td_block_image_box .entry-title a{\r\n                  color: #fff;\r\n                }.td_block_image_box .entry-title:after{\r\n                  display: none;\r\n                }.td_block_image_box .td-image-box-row{\r\n                  margin: 0 -20px;\r\n                  *zoom: 1;\r\n                }.td_block_image_box .td-image-box-row:before,\r\n                .td_block_image_box .td-image-box-row:after{\r\n                  display: table;\r\n                  content: '';\r\n                  line-height: 0;\r\n                }.td_block_image_box .td-image-box-row:after{\r\n                  clear: both;\r\n                }.td_block_image_box .td-image-box-span{\r\n                  padding: 0 20px;\r\n                  float: left;\r\n                }.td_block_image_box .td-big-image .td-image-box-span{\r\n                  width: 100%;\r\n                }.td_block_image_box .td-big-image .td-custom-image a{\r\n                  height: 360px;\r\n                }.td_block_image_box .td-medium-image .td-image-box-span{\r\n                  width: 50%;\r\n                }.td_block_image_box .td-medium-image .td-custom-image a{\r\n                  height: 320px;\r\n                }.td_block_image_box .td-small-image .td-image-box-span{\r\n                  width: 33.33333333%;\r\n                }.td_block_image_box .td-small-image .td-custom-image a{\r\n                  height: 220px;\r\n                }.td_block_image_box .td-tiny-image .td-image-box-span{\r\n                  width: 25%;\r\n                }.td_block_image_box .td-tiny-image .td-custom-image a{\r\n                  height: 160px;\r\n                }.td_block_image_box .td-tiny-image .td-custom-image a:after{\r\n                  margin: 8px;\r\n                }.td_block_image_box .td-tiny-image .entry-title{\r\n                  font-size: 12px;\r\n                }.td_block_image_box.td-box-vertical .td-image-box-row{\r\n                  margin-left: 0 !important;\r\n                  margin-right: 0 !important;\r\n                }.td_block_image_box.td-box-vertical .td-image-box-span{\r\n                  float: none;\r\n                  width: 100%;\r\n                  padding-left: 0 !important;\r\n                  padding-right: 0 !important;\r\n                  margin-bottom: 5px;\r\n                }.td_block_image_box.td-box-vertical .td-image-box-span a:after{\r\n                  margin: 8px;\r\n                }.td_block_image_box.td-box-vertical .td-image-box-span:last-child{\r\n                  margin-bottom: 0 !important;\r\n                }.td_block_image_box.td-box-vertical .entry-title{\r\n                  font-size: 15px;\r\n                }.td_block_image_box.td-image-box-top .td-custom-image a{\r\n                  background-position: top center;\r\n                }.td_block_image_box.td-image-box-bottom .td-custom-image a{\r\n                  background-position: bottom center;\r\n                }.td_block_image_box.td-image-box-style-2 .td-custom-image a:before,\r\n                .td_block_image_box.td-image-box-style-2 .td-custom-image a:after{\r\n                  display: none;\r\n                }.td_block_image_box.td-image-box-style-2 .entry-title{\r\n                  font-size: 15px;\r\n                }.td_block_image_box.td-image-box-style-2 .entry-title a{\r\n                  padding: 8px 16px;\r\n                  background-color: #fff;\r\n                  color: #000;\r\n                }.td_block_image_box.td-image-box-style-2 .entry-title a:empty{\r\n                  display: none;\r\n                }@media (max-width: 767px) {\r\n                  .td_block_image_box .td-custom {\r\n                    margin: 0 -20px;\r\n                  }\r\n                  .td_block_image_box .td-custom-image a {\r\n                    margin-bottom: 5px;\r\n                  }\r\n                  .td_block_image_box .td-image-box-row {\r\n                    margin: 0 -20px;\r\n                  }\r\n                  .td_block_image_box .td-image-box-span {\r\n                    width: 100% !important;\r\n                    float: none;\r\n                    padding: 0 10px;\r\n                  }\r\n                  .td_block_image_box .td-big-image .td-custom-image a,\r\n                  .td_block_image_box .td-medium-image .td-custom-image a,\r\n                  .td_block_image_box .td-small-image .td-custom-image a {\r\n                    height: 160px;\r\n                  }\r\n                  .td_block_image_box .entry-title,\r\n                  .td_block_image_box .td-tiny-image .entry-title {\r\n                    font-size: 16px;\r\n                  }\r\n                }\n<\/style><div class=\"td-block-title-wrap\"><h4 class=\"block-title td-block-title\"><a href=\"https:\/\/reconnecthungary.org\/\" class=\"td-pulldown-size\">Reconnect Hungary <\/a><\/h4><\/div><div class=\"td-image-box-row td-big-image\"><div class=\"td-image-box-span\"><div class=\"td-custom\"><div class=\"td-custom-image\"><a class=\"td-lazy-img\"  data-type=\"css_image\" data-img-url=\"https:\/\/www.bocskairadio.org\/wp-content\/uploads\/2018\/07\/reconnect-logo-OK.jpg\" href=\"https:\/\/reconnecthungary.org\/\"  title=\"reconnect-logo-OK\"><\/a><\/div><\/div><\/div><\/div><\/div><\/div><\/div><\/div><\/div><\/div><\/div><\/div>","protected":false},"excerpt":{"rendered":"[tdc_zone type=\"tdc_content\"][vc_row][vc_column width=\"2\/3\"][rev_slider alias=\"English-ad\"][td_block_14 limit=\"6\" custom_title=\"Local News and Events\" custom_url=\"https:\/\/www.bocskairadio.org\/en\/category\/news\/local-events-and-news\/\" category_id=\"196\" td_ajax_filter_type=\"\" ajax_pagination=\"load_more\"][td_block_11 custom_title=\"Hungary\" limit=\"10\" category_id=\"519\"][\/vc_column][vc_column width=\"1\/3\"][vc_widget_sidebar sidebar_id=\"ca-sidebar-8477\"][\/vc_column][\/vc_row][\/tdc_zone]\n","protected":false},"author":1,"featured_media":28152,"parent":0,"menu_order":0,"comment_status":"open","ping_status":"open","template":"","meta":{"footnotes":""},"class_list":["post-8116","page","type-page","status-publish","has-post-thumbnail"],"yoast_head":"<!-- This site is optimized with the Yoast SEO plugin v27.5 - https:\/\/yoast.com\/product\/yoast-seo-wordpress\/ -->\n<title>News &#8211; Bocskai R\u00e1di\u00f3<\/title>\n<meta name=\"robots\" content=\"index, follow, max-snippet:-1, max-image-preview:large, max-video-preview:-1\" \/>\n<link rel=\"canonical\" href=\"https:\/\/www.bocskairadio.org\/en\/\" \/>\n<meta property=\"og:locale\" content=\"en_US\" \/>\n<meta property=\"og:type\" content=\"article\" \/>\n<meta property=\"og:title\" content=\"News &#8211; Bocskai R\u00e1di\u00f3\" \/>\n<meta property=\"og:url\" content=\"https:\/\/www.bocskairadio.org\/en\/\" \/>\n<meta property=\"og:site_name\" content=\"Bocskai R\u00e1di\u00f3\" \/>\n<meta property=\"article:publisher\" content=\"https:\/\/www.facebook.com\/BocskaiRadio\" \/>\n<meta property=\"article:modified_time\" content=\"2025-02-28T15:38:46+00:00\" \/>\n<meta property=\"og:image\" content=\"https:\/\/www.bocskairadio.org\/wp-content\/uploads\/2017\/02\/2017-sticker-750x375-inch.png\" \/>\n\t<meta property=\"og:image:width\" content=\"768\" \/>\n\t<meta property=\"og:image:height\" content=\"385\" \/>\n\t<meta property=\"og:image:type\" content=\"image\/png\" \/>\n<meta name=\"twitter:card\" content=\"summary_large_image\" \/>\n<meta name=\"twitter:description\" content=\"[tdc_zone type=&quot;tdc_content&quot;][vc_row][vc_column width=&quot;2\/3&quot;][rev_slider alias=&quot;English-ad&quot;][td_block_14 limit=&quot;6&quot; custom_title=&quot;Local News and Events&quot; custom_url=&quot;https:\/\/www.bocskairadio.org\/en\/category\/news\/local-events-and-news\/&quot; category_id=&quot;196&quot; td_ajax_filter_type=&quot;&quot; ajax_pagination=&quot;load_more&quot;][td_block_11 custom_title=&quot;Hungary&quot; limit=&quot;10&quot; category_id=&quot;519&quot;][\/vc_column][vc_column width=&quot;1\/3&quot;][vc_widget_sidebar sidebar_id=&quot;ca-sidebar-8477&quot;][\/vc_column][\/vc_row][\/tdc_zone]\" \/>\n<meta name=\"twitter:site\" content=\"@BocskaiRadio\" \/>\n<script type=\"application\/ld+json\" class=\"yoast-schema-graph\">{\"@context\":\"https:\\\/\\\/schema.org\",\"@graph\":[{\"@type\":\"WebPage\",\"@id\":\"https:\\\/\\\/www.bocskairadio.org\\\/en\\\/\",\"url\":\"https:\\\/\\\/www.bocskairadio.org\\\/en\\\/\",\"name\":\"News &#8211; Bocskai R\u00e1di\u00f3\",\"isPartOf\":{\"@id\":\"https:\\\/\\\/www.bocskairadio.org\\\/en\\\/#website\"},\"primaryImageOfPage\":{\"@id\":\"https:\\\/\\\/www.bocskairadio.org\\\/en\\\/#primaryimage\"},\"image\":{\"@id\":\"https:\\\/\\\/www.bocskairadio.org\\\/en\\\/#primaryimage\"},\"thumbnailUrl\":\"https:\\\/\\\/www.bocskairadio.org\\\/wp-content\\\/uploads\\\/2017\\\/02\\\/2017-sticker-750x375-inch.png\",\"datePublished\":\"2012-07-20T00:03:14+00:00\",\"dateModified\":\"2025-02-28T15:38:46+00:00\",\"inLanguage\":\"en-US\",\"potentialAction\":[{\"@type\":\"ReadAction\",\"target\":[\"https:\\\/\\\/www.bocskairadio.org\\\/en\\\/\"]}]},{\"@type\":\"ImageObject\",\"inLanguage\":\"en-US\",\"@id\":\"https:\\\/\\\/www.bocskairadio.org\\\/en\\\/#primaryimage\",\"url\":\"https:\\\/\\\/www.bocskairadio.org\\\/wp-content\\\/uploads\\\/2017\\\/02\\\/2017-sticker-750x375-inch.png\",\"contentUrl\":\"https:\\\/\\\/www.bocskairadio.org\\\/wp-content\\\/uploads\\\/2017\\\/02\\\/2017-sticker-750x375-inch.png\",\"width\":768,\"height\":385},{\"@type\":\"WebSite\",\"@id\":\"https:\\\/\\\/www.bocskairadio.org\\\/en\\\/#website\",\"url\":\"https:\\\/\\\/www.bocskairadio.org\\\/en\\\/\",\"name\":\"Bocskai R\u00e1di\u00f3\",\"description\":\"The Voice of Cleveland Hungarians\",\"publisher\":{\"@id\":\"https:\\\/\\\/www.bocskairadio.org\\\/en\\\/#organization\"},\"potentialAction\":[{\"@type\":\"SearchAction\",\"target\":{\"@type\":\"EntryPoint\",\"urlTemplate\":\"https:\\\/\\\/www.bocskairadio.org\\\/en\\\/?s={search_term_string}\"},\"query-input\":{\"@type\":\"PropertyValueSpecification\",\"valueRequired\":true,\"valueName\":\"search_term_string\"}}],\"inLanguage\":\"en-US\"},{\"@type\":\"Organization\",\"@id\":\"https:\\\/\\\/www.bocskairadio.org\\\/en\\\/#organization\",\"name\":\"Bocskai R\u00e1di\u00f3\",\"url\":\"https:\\\/\\\/www.bocskairadio.org\\\/en\\\/\",\"logo\":{\"@type\":\"ImageObject\",\"inLanguage\":\"en-US\",\"@id\":\"https:\\\/\\\/www.bocskairadio.org\\\/en\\\/#\\\/schema\\\/logo\\\/image\\\/\",\"url\":\"https:\\\/\\\/www.bocskairadio.org\\\/wp-content\\\/uploads\\\/2016\\\/11\\\/var3_basic.jpg\",\"contentUrl\":\"https:\\\/\\\/www.bocskairadio.org\\\/wp-content\\\/uploads\\\/2016\\\/11\\\/var3_basic.jpg\",\"width\":500,\"height\":500,\"caption\":\"Bocskai R\u00e1di\u00f3\"},\"image\":{\"@id\":\"https:\\\/\\\/www.bocskairadio.org\\\/en\\\/#\\\/schema\\\/logo\\\/image\\\/\"},\"sameAs\":[\"https:\\\/\\\/www.facebook.com\\\/BocskaiRadio\",\"https:\\\/\\\/x.com\\\/BocskaiRadio\",\"https:\\\/\\\/www.instagram.com\\\/bocskairadio\\\/\",\"https:\\\/\\\/www.youtube.com\\\/user\\\/bocskairadio\",\"https:\\\/\\\/hu.wikipedia.org\\\/wiki\\\/Bocskai_R\u00e1di\u00f3\"]}]}<\/script>\n<!-- \/ Yoast SEO plugin. -->","yoast_head_json":{"title":"News &#8211; Bocskai R\u00e1di\u00f3","robots":{"index":"index","follow":"follow","max-snippet":"max-snippet:-1","max-image-preview":"max-image-preview:large","max-video-preview":"max-video-preview:-1"},"canonical":"https:\/\/www.bocskairadio.org\/en\/","og_locale":"en_US","og_type":"article","og_title":"News &#8211; Bocskai R\u00e1di\u00f3","og_url":"https:\/\/www.bocskairadio.org\/en\/","og_site_name":"Bocskai R\u00e1di\u00f3","article_publisher":"https:\/\/www.facebook.com\/BocskaiRadio","article_modified_time":"2025-02-28T15:38:46+00:00","og_image":[{"width":768,"height":385,"url":"https:\/\/www.bocskairadio.org\/wp-content\/uploads\/2017\/02\/2017-sticker-750x375-inch.png","type":"image\/png"}],"twitter_card":"summary_large_image","twitter_description":"[tdc_zone type=\"tdc_content\"][vc_row][vc_column width=\"2\/3\"][rev_slider alias=\"English-ad\"][td_block_14 limit=\"6\" custom_title=\"Local News and Events\" custom_url=\"https:\/\/www.bocskairadio.org\/en\/category\/news\/local-events-and-news\/\" category_id=\"196\" td_ajax_filter_type=\"\" ajax_pagination=\"load_more\"][td_block_11 custom_title=\"Hungary\" limit=\"10\" category_id=\"519\"][\/vc_column][vc_column width=\"1\/3\"][vc_widget_sidebar sidebar_id=\"ca-sidebar-8477\"][\/vc_column][\/vc_row][\/tdc_zone]","twitter_site":"@BocskaiRadio","schema":{"@context":"https:\/\/schema.org","@graph":[{"@type":"WebPage","@id":"https:\/\/www.bocskairadio.org\/en\/","url":"https:\/\/www.bocskairadio.org\/en\/","name":"News &#8211; Bocskai R\u00e1di\u00f3","isPartOf":{"@id":"https:\/\/www.bocskairadio.org\/en\/#website"},"primaryImageOfPage":{"@id":"https:\/\/www.bocskairadio.org\/en\/#primaryimage"},"image":{"@id":"https:\/\/www.bocskairadio.org\/en\/#primaryimage"},"thumbnailUrl":"https:\/\/www.bocskairadio.org\/wp-content\/uploads\/2017\/02\/2017-sticker-750x375-inch.png","datePublished":"2012-07-20T00:03:14+00:00","dateModified":"2025-02-28T15:38:46+00:00","inLanguage":"en-US","potentialAction":[{"@type":"ReadAction","target":["https:\/\/www.bocskairadio.org\/en\/"]}]},{"@type":"ImageObject","inLanguage":"en-US","@id":"https:\/\/www.bocskairadio.org\/en\/#primaryimage","url":"https:\/\/www.bocskairadio.org\/wp-content\/uploads\/2017\/02\/2017-sticker-750x375-inch.png","contentUrl":"https:\/\/www.bocskairadio.org\/wp-content\/uploads\/2017\/02\/2017-sticker-750x375-inch.png","width":768,"height":385},{"@type":"WebSite","@id":"https:\/\/www.bocskairadio.org\/en\/#website","url":"https:\/\/www.bocskairadio.org\/en\/","name":"Bocskai R\u00e1di\u00f3","description":"The Voice of Cleveland Hungarians","publisher":{"@id":"https:\/\/www.bocskairadio.org\/en\/#organization"},"potentialAction":[{"@type":"SearchAction","target":{"@type":"EntryPoint","urlTemplate":"https:\/\/www.bocskairadio.org\/en\/?s={search_term_string}"},"query-input":{"@type":"PropertyValueSpecification","valueRequired":true,"valueName":"search_term_string"}}],"inLanguage":"en-US"},{"@type":"Organization","@id":"https:\/\/www.bocskairadio.org\/en\/#organization","name":"Bocskai R\u00e1di\u00f3","url":"https:\/\/www.bocskairadio.org\/en\/","logo":{"@type":"ImageObject","inLanguage":"en-US","@id":"https:\/\/www.bocskairadio.org\/en\/#\/schema\/logo\/image\/","url":"https:\/\/www.bocskairadio.org\/wp-content\/uploads\/2016\/11\/var3_basic.jpg","contentUrl":"https:\/\/www.bocskairadio.org\/wp-content\/uploads\/2016\/11\/var3_basic.jpg","width":500,"height":500,"caption":"Bocskai R\u00e1di\u00f3"},"image":{"@id":"https:\/\/www.bocskairadio.org\/en\/#\/schema\/logo\/image\/"},"sameAs":["https:\/\/www.facebook.com\/BocskaiRadio","https:\/\/x.com\/BocskaiRadio","https:\/\/www.instagram.com\/bocskairadio\/","https:\/\/www.youtube.com\/user\/bocskairadio","https:\/\/hu.wikipedia.org\/wiki\/Bocskai_R\u00e1di\u00f3"]}]}},"_links":{"self":[{"href":"https:\/\/www.bocskairadio.org\/en\/wp-json\/wp\/v2\/pages\/8116","targetHints":{"allow":["GET"]}}],"collection":[{"href":"https:\/\/www.bocskairadio.org\/en\/wp-json\/wp\/v2\/pages"}],"about":[{"href":"https:\/\/www.bocskairadio.org\/en\/wp-json\/wp\/v2\/types\/page"}],"author":[{"embeddable":true,"href":"https:\/\/www.bocskairadio.org\/en\/wp-json\/wp\/v2\/users\/1"}],"replies":[{"embeddable":true,"href":"https:\/\/www.bocskairadio.org\/en\/wp-json\/wp\/v2\/comments?post=8116"}],"version-history":[{"count":5,"href":"https:\/\/www.bocskairadio.org\/en\/wp-json\/wp\/v2\/pages\/8116\/revisions"}],"predecessor-version":[{"id":1101552,"href":"https:\/\/www.bocskairadio.org\/en\/wp-json\/wp\/v2\/pages\/8116\/revisions\/1101552"}],"wp:featuredmedia":[{"embeddable":true,"href":"https:\/\/www.bocskairadio.org\/en\/wp-json\/wp\/v2\/media\/28152"}],"wp:attachment":[{"href":"https:\/\/www.bocskairadio.org\/en\/wp-json\/wp\/v2\/media?parent=8116"}],"curies":[{"name":"wp","href":"https:\/\/api.w.org\/{rel}","templated":true}]}}