{"id":1113264,"date":"2026-08-28T21:31:48","date_gmt":"2026-08-29T01:31:48","guid":{"rendered":"https:\/\/www.bocskairadio.org\/event\/70th-hungarian-festival-in-cleveland-70-clevelandi-cserkesznap\/"},"modified":"2026-08-28T21:31:48","modified_gmt":"2026-08-29T01:31:48","slug":"70th-hungarian-festival-in-cleveland-70-clevelandi-cserkesznap","status":"publish","type":"tribe_events","link":"https:\/\/www.bocskairadio.org\/en\/event\/70th-hungarian-festival-in-cleveland-70-clevelandi-cserkesznap\/","title":{"rendered":"70th Hungarian Festival in Cleveland \/ 70. Clevelandi Cserk\u00e9sznap"},"content":{"rendered":"<p>Please join us for the 70th Hungarian Festival in Cleveland on Sunday, Sept. 6 between 10:30 AM \u2013 8:00 PM. Please see the flyer for list of events and times. It will be a day of celebration, fantastic food, markets, amazing music, and lots of dancing and other cultural activities for the whole family! Hope to see you there! Additional information at &lt;a href=&quot;http:\/\/www.csbk.org<\/p>\n<p>70&#8243; target=&#8221;_blank&#8221; title=&#8221;www.csbk.org<\/p>\n<p>70&#8243;&gt;www.csbk.org<\/p>\n<p>70<\/a>. Clevelandi Cserk\u00e9sznap \u2013 75 \u00e9v magyar cserk\u00e9szet Clevelandben! \ud83c\udded\ud83c\uddfa<br \/>A\u00a0Clevelandi Cserk\u00e9sz Bar\u00e1tok K\u00f6re\u00a0szeretettel h\u00edv mindenkit a\u00a070. Clevelandi Cserk\u00e9sznapra, amelyet\u00a02026. szeptember 6-\u00e1n, vas\u00e1rnap\u00a0rendeznek meg a m\u00e1r j\u00f3l ismert\u00a0German Central Parkban. <br \/>\ud83d\udccd\u00a0Helysz\u00edn:\u00a07863 York Road, Parma, Ohio<br \/>\ud83d\udd59\u00a0Kapunyit\u00e1s:\u00a0d\u00e9lel\u0151tt 10 \u00f3rakor<br \/>\ud83d\udd57\u00a0A program v\u00e9ge:\u00a0este 8 \u00f3rakor <br \/>A nap folyam\u00e1n a l\u00e1togat\u00f3k megismerhetik a clevelandi magyar cserk\u00e9szet munk\u00e1j\u00e1t, megk\u00f3stolhatj\u00e1k a finom magyar \u00e9teleket \u00e9s s\u00fctem\u00e9nyeket, valamint a\u00a0Harm\u00f3nia\u00e9s a\u00a0F\u00e9szer zenekar\u00a0muzsik\u00e1ja mellett sz\u00f3rakozhatnak. <br \/>\u26fa\u00a0Programok: <br \/>\u2022\u00a010:30\u00a0\u2013 hagyom\u00e1nyos z\u00e1szl\u00f3felvon\u00e1s<br \/>\u2022\u00a011:00\u00a0\u2013 katolikus \u00e9s protest\u00e1ns istentisztelet<br \/>\u2022\u00a012:00-t\u00f3l\u00a0\u2013 magyar \u00e9telek \u00e9s finoms\u00e1gok<br \/>\u2022\u00a014:00\u201317:00\u00a0\u2013 cserk\u00e9szprogramo k, gyermekfoglalkoz \u00e1sok<br \/>\u2022 vadon \u00e9l\u0151 \u00e1llatok bemutat\u00f3ja<br \/>\u2022 k\u00e9zm\u0171ves foglalkoz\u00e1sok<br \/>\u2022 \u00fcgyess\u00e9gi versenyek <br \/>\ud83c\udf89 Az idei Cserk\u00e9sznap k\u00fcl\u00f6n\u00f6sen \u00fcnnepi, hiszen a clevelandi magyar cserk\u00e9szet fenn\u00e1ll\u00e1s\u00e1nak\u00a075. \u00e9vfordul\u00f3j\u00e1r\u00f3l\u00a0is megeml\u00e9keznek. Ennek alkalm\u00e1b\u00f3l k\u00fcl\u00f6n ki\u00e1ll\u00edt\u00e1ssal \u00e9s \u00fcnnepi m\u0171sorral k\u00e9sz\u00fclnek. <br \/>\ud83d\udcf8\u00a015:30-kor nagyszab\u00e1s\u00fa cserk\u00e9szcsoportk \u00e9p k\u00e9sz\u00fcl, amelyet dr\u00f3nfelv\u00e9telen is meg\u00f6r\u00f6k\u00edtenek. A szervez\u0151k k\u00e9rnek minden clevelandi cserk\u00e9szt, hogy felt\u00e9tlen\u00fcl legyen jelen! <br \/>A Cserk\u00e9sznapot imm\u00e1r\u00a070. alkalommal\u00a0rendezik meg a clevelandi magyar cserk\u00e9szet t\u00e1mogat\u00e1s\u00e1ra. Akik szeretn\u00e9nek seg\u00edteni az el\u0151k\u00e9sz\u00fcletekben \u00a0vagy a rendezv\u00e9ny napj\u00e1n, min\u00e9l hamarabb jelentkezzenek a\u00a0Cserk\u00e9sz Bar\u00e1tok K\u00f6re vezet\u0151s\u00e9g\u00e9n\u00e9l.<\/p>\n","protected":false},"excerpt":{"rendered":"<p>Please join us for the 70th Hungarian Festival in Cleveland on Sunday, Sept. 6 between 10:30 AM \u2013 8:00 PM. Please see the flyer for list of events and times. It will be a day of celebration, fantastic food, markets, amazing music, and lots of dancing and other cultural activities for the whole family! Hope to see you there! Additional information at &lt;a href=&quot;http:\/\/www.csbk.org<\/p>\n<p>70&#8243; target=&#8221;_blank&#8221; title=&#8221;www.csbk.org<\/p>\n<p>70&#8243;&gt;www.csbk.org<\/p>\n<p>70<\/a>. Clevelandi Cserk\u00e9sznap \u2013 75 \u00e9v magyar cserk\u00e9szet Clevelandben! \ud83c\udded\ud83c\uddfa<br \/>A\u00a0Clevelandi Cserk\u00e9sz Bar\u00e1tok K\u00f6re\u00a0szeretettel h\u00edv mindenkit a\u00a070. Clevelandi Cserk\u00e9sznapra, amelyet\u00a02026. szeptember 6-\u00e1n, vas\u00e1rnap\u00a0rendeznek meg a m\u00e1r j\u00f3l ismert\u00a0German Central Parkban. <br \/>\ud83d\udccd\u00a0Helysz\u00edn:\u00a07863 York Road, Parma, Ohio<br \/>\ud83d\udd59\u00a0Kapunyit\u00e1s:\u00a0d\u00e9lel\u0151tt 10 \u00f3rakor<br \/>\ud83d\udd57\u00a0A program v\u00e9ge:\u00a0este 8 \u00f3rakor <br \/>A nap folyam\u00e1n a l\u00e1togat\u00f3k megismerhetik a clevelandi magyar cserk\u00e9szet munk\u00e1j\u00e1t, megk\u00f3stolhatj\u00e1k a finom magyar \u00e9teleket \u00e9s s\u00fctem\u00e9nyeket, valamint a\u00a0Harm\u00f3nia\u00e9s a\u00a0F\u00e9szer zenekar\u00a0muzsik\u00e1ja mellett sz\u00f3rakozhatnak. <br \/>\u26fa\u00a0Programok: <br \/>\u2022\u00a010:30\u00a0\u2013 hagyom\u00e1nyos z\u00e1szl\u00f3felvon\u00e1s<br \/>\u2022\u00a011:00\u00a0\u2013 katolikus \u00e9s protest\u00e1ns istentisztelet<br \/>\u2022\u00a012:00-t\u00f3l\u00a0\u2013 magyar \u00e9telek \u00e9s finoms\u00e1gok<br \/>\u2022\u00a014:00\u201317:00\u00a0\u2013 cserk\u00e9szprogramo k, gyermekfoglalkoz \u00e1sok<br \/>\u2022 vadon \u00e9l\u0151 \u00e1llatok bemutat\u00f3ja<br \/>\u2022 k\u00e9zm\u0171ves foglalkoz\u00e1sok<br \/>\u2022 \u00fcgyess\u00e9gi versenyek <br \/>\ud83c\udf89 Az idei Cserk\u00e9sznap k\u00fcl\u00f6n\u00f6sen \u00fcnnepi, hiszen a clevelandi magyar cserk\u00e9szet fenn\u00e1ll\u00e1s\u00e1nak\u00a075. \u00e9vfordul\u00f3j\u00e1r\u00f3l\u00a0is megeml\u00e9keznek. Ennek alkalm\u00e1b\u00f3l k\u00fcl\u00f6n ki\u00e1ll\u00edt\u00e1ssal \u00e9s \u00fcnnepi m\u0171sorral k\u00e9sz\u00fclnek. <br \/>\ud83d\udcf8\u00a015:30-kor nagyszab\u00e1s\u00fa cserk\u00e9szcsoportk \u00e9p k\u00e9sz\u00fcl, amelyet dr\u00f3nfelv\u00e9telen is meg\u00f6r\u00f6k\u00edtenek. A szervez\u0151k k\u00e9rnek minden clevelandi cserk\u00e9szt, hogy felt\u00e9tlen\u00fcl legyen jelen! <br \/>A Cserk\u00e9sznapot imm\u00e1r\u00a070. alkalommal\u00a0rendezik meg a clevelandi magyar cserk\u00e9szet t\u00e1mogat\u00e1s\u00e1ra. Akik szeretn\u00e9nek seg\u00edteni az el\u0151k\u00e9sz\u00fcletekben \u00a0vagy a rendezv\u00e9ny napj\u00e1n, min\u00e9l hamarabb jelentkezzenek a\u00a0Cserk\u00e9sz Bar\u00e1tok K\u00f6re vezet\u0151s\u00e9g\u00e9n\u00e9l.<\/p>\n","protected":false},"author":0,"featured_media":1113267,"template":"","meta":{"_tribe_events_status":"","_tribe_events_status_reason":"","footnotes":""},"tags":[],"tribe_events_cat":[],"class_list":["post-1113264","tribe_events","type-tribe_events","status-publish","has-post-thumbnail"],"yoast_head":"<!-- This site is optimized with the Yoast SEO plugin v28.4 - https:\/\/yoast.com\/product\/yoast-seo-wordpress\/ -->\n<title>70th Hungarian Festival in Cleveland \/ 70. Clevelandi Cserk\u00e9sznap &#8211; Bocskai R\u00e1di\u00f3<\/title>\n<meta name=\"robots\" content=\"index, follow, max-snippet:-1, max-image-preview:large, max-video-preview:-1\" \/>\n<link rel=\"canonical\" href=\"https:\/\/www.bocskairadio.org\/en\/event\/70th-hungarian-festival-in-cleveland-70-clevelandi-cserkesznap\/\" \/>\n<meta property=\"og:locale\" content=\"en_US\" \/>\n<meta property=\"og:type\" content=\"article\" \/>\n<meta property=\"og:title\" content=\"70th Hungarian Festival in Cleveland \/ 70. Clevelandi Cserk\u00e9sznap &#8211; Bocskai R\u00e1di\u00f3\" \/>\n<meta property=\"og:description\" content=\"Please join us for the 70th Hungarian Festival in Cleveland on Sunday, Sept. 6 between 10:30 AM \u2013 8:00 PM. Please see the flyer for list of events and times. It will be a day of celebration, fantastic food, markets, amazing music, and lots of dancing and other cultural activities for the whole family! Hope to see you there! Additional information at &lt;a href=&quot;http:\/\/www.csbk.org70&quot; target=&quot;_blank&quot; title=&quot;www.csbk.org70&quot;&gt;www.csbk.org70. Clevelandi Cserk\u00e9sznap \u2013 75 \u00e9v magyar cserk\u00e9szet Clevelandben! \ud83c\udded\ud83c\uddfaA\u00a0Clevelandi Cserk\u00e9sz Bar\u00e1tok K\u00f6re\u00a0szeretettel h\u00edv mindenkit a\u00a070. Clevelandi Cserk\u00e9sznapra, amelyet\u00a02026. szeptember 6-\u00e1n, vas\u00e1rnap\u00a0rendeznek meg a m\u00e1r j\u00f3l ismert\u00a0German Central Parkban. \ud83d\udccd\u00a0Helysz\u00edn:\u00a07863 York Road, Parma, Ohio\ud83d\udd59\u00a0Kapunyit\u00e1s:\u00a0d\u00e9lel\u0151tt 10 \u00f3rakor\ud83d\udd57\u00a0A program v\u00e9ge:\u00a0este 8 \u00f3rakor A nap folyam\u00e1n a l\u00e1togat\u00f3k megismerhetik a clevelandi magyar cserk\u00e9szet munk\u00e1j\u00e1t, megk\u00f3stolhatj\u00e1k a finom magyar \u00e9teleket \u00e9s s\u00fctem\u00e9nyeket, valamint a\u00a0Harm\u00f3nia\u00e9s a\u00a0F\u00e9szer zenekar\u00a0muzsik\u00e1ja mellett sz\u00f3rakozhatnak. \u26fa\u00a0Programok: \u2022\u00a010:30\u00a0\u2013 hagyom\u00e1nyos z\u00e1szl\u00f3felvon\u00e1s\u2022\u00a011:00\u00a0\u2013 katolikus \u00e9s protest\u00e1ns istentisztelet\u2022\u00a012:00-t\u00f3l\u00a0\u2013 magyar \u00e9telek \u00e9s finoms\u00e1gok\u2022\u00a014:00\u201317:00\u00a0\u2013 cserk\u00e9szprogramo k, gyermekfoglalkoz \u00e1sok\u2022 vadon \u00e9l\u0151 \u00e1llatok bemutat\u00f3ja\u2022 k\u00e9zm\u0171ves foglalkoz\u00e1sok\u2022 \u00fcgyess\u00e9gi versenyek \ud83c\udf89 Az idei Cserk\u00e9sznap k\u00fcl\u00f6n\u00f6sen \u00fcnnepi, hiszen a clevelandi magyar cserk\u00e9szet fenn\u00e1ll\u00e1s\u00e1nak\u00a075. \u00e9vfordul\u00f3j\u00e1r\u00f3l\u00a0is megeml\u00e9keznek. Ennek alkalm\u00e1b\u00f3l k\u00fcl\u00f6n ki\u00e1ll\u00edt\u00e1ssal \u00e9s \u00fcnnepi m\u0171sorral k\u00e9sz\u00fclnek. \ud83d\udcf8\u00a015:30-kor nagyszab\u00e1s\u00fa cserk\u00e9szcsoportk \u00e9p k\u00e9sz\u00fcl, amelyet dr\u00f3nfelv\u00e9telen is meg\u00f6r\u00f6k\u00edtenek. A szervez\u0151k k\u00e9rnek minden clevelandi cserk\u00e9szt, hogy felt\u00e9tlen\u00fcl legyen jelen! A Cserk\u00e9sznapot imm\u00e1r\u00a070. alkalommal\u00a0rendezik meg a clevelandi magyar cserk\u00e9szet t\u00e1mogat\u00e1s\u00e1ra. Akik szeretn\u00e9nek seg\u00edteni az el\u0151k\u00e9sz\u00fcletekben \u00a0vagy a rendezv\u00e9ny napj\u00e1n, min\u00e9l hamarabb jelentkezzenek a\u00a0Cserk\u00e9sz Bar\u00e1tok K\u00f6re vezet\u0151s\u00e9g\u00e9n\u00e9l.\" \/>\n<meta property=\"og:url\" content=\"https:\/\/www.bocskairadio.org\/en\/event\/70th-hungarian-festival-in-cleveland-70-clevelandi-cserkesznap\/\" \/>\n<meta property=\"og:site_name\" content=\"Bocskai R\u00e1di\u00f3\" \/>\n<meta property=\"article:publisher\" content=\"https:\/\/www.facebook.com\/BocskaiRadio\" \/>\n<meta name=\"twitter:card\" content=\"summary_large_image\" \/>\n<meta name=\"twitter:site\" content=\"@BocskaiRadio\" \/>\n<script type=\"application\/ld+json\" class=\"yoast-schema-graph\">{\"@context\":\"https:\\\/\\\/schema.org\",\"@graph\":[{\"@type\":\"WebPage\",\"@id\":\"https:\\\/\\\/www.bocskairadio.org\\\/en\\\/event\\\/70th-hungarian-festival-in-cleveland-70-clevelandi-cserkesznap\\\/\",\"url\":\"https:\\\/\\\/www.bocskairadio.org\\\/en\\\/event\\\/70th-hungarian-festival-in-cleveland-70-clevelandi-cserkesznap\\\/\",\"name\":\"70th Hungarian Festival in Cleveland \\\/ 70. Clevelandi Cserk\u00e9sznap &#8211; Bocskai R\u00e1di\u00f3\",\"isPartOf\":{\"@id\":\"https:\\\/\\\/www.bocskairadio.org\\\/en\\\/#website\"},\"primaryImageOfPage\":{\"@id\":\"https:\\\/\\\/www.bocskairadio.org\\\/en\\\/event\\\/70th-hungarian-festival-in-cleveland-70-clevelandi-cserkesznap\\\/#primaryimage\"},\"image\":{\"@id\":\"https:\\\/\\\/www.bocskairadio.org\\\/en\\\/event\\\/70th-hungarian-festival-in-cleveland-70-clevelandi-cserkesznap\\\/#primaryimage\"},\"thumbnailUrl\":\"https:\\\/\\\/www.bocskairadio.org\\\/wp-content\\\/uploads\\\/2026\\\/08\\\/1113264_image_IMG_6502.jpeg\",\"datePublished\":\"2026-08-29T01:31:48+00:00\",\"breadcrumb\":{\"@id\":\"https:\\\/\\\/www.bocskairadio.org\\\/en\\\/event\\\/70th-hungarian-festival-in-cleveland-70-clevelandi-cserkesznap\\\/#breadcrumb\"},\"inLanguage\":\"en-US\",\"potentialAction\":[{\"@type\":\"ReadAction\",\"target\":[\"https:\\\/\\\/www.bocskairadio.org\\\/en\\\/event\\\/70th-hungarian-festival-in-cleveland-70-clevelandi-cserkesznap\\\/\"]}]},{\"@type\":\"ImageObject\",\"inLanguage\":\"en-US\",\"@id\":\"https:\\\/\\\/www.bocskairadio.org\\\/en\\\/event\\\/70th-hungarian-festival-in-cleveland-70-clevelandi-cserkesznap\\\/#primaryimage\",\"url\":\"https:\\\/\\\/www.bocskairadio.org\\\/wp-content\\\/uploads\\\/2026\\\/08\\\/1113264_image_IMG_6502.jpeg\",\"contentUrl\":\"https:\\\/\\\/www.bocskairadio.org\\\/wp-content\\\/uploads\\\/2026\\\/08\\\/1113264_image_IMG_6502.jpeg\",\"width\":1164,\"height\":1491},{\"@type\":\"BreadcrumbList\",\"@id\":\"https:\\\/\\\/www.bocskairadio.org\\\/en\\\/event\\\/70th-hungarian-festival-in-cleveland-70-clevelandi-cserkesznap\\\/#breadcrumb\",\"itemListElement\":[{\"@type\":\"ListItem\",\"position\":1,\"name\":\"Events\",\"item\":\"https:\\\/\\\/www.bocskairadio.org\\\/en\\\/events\\\/\"},{\"@type\":\"ListItem\",\"position\":2,\"name\":\"70th Hungarian Festival in Cleveland \\\/ 70. Clevelandi Cserk\u00e9sznap\"}]},{\"@type\":\"WebSite\",\"@id\":\"https:\\\/\\\/www.bocskairadio.org\\\/en\\\/#website\",\"url\":\"https:\\\/\\\/www.bocskairadio.org\\\/en\\\/\",\"name\":\"Bocskai R\u00e1di\u00f3\",\"description\":\"The Voice of Cleveland Hungarians\",\"publisher\":{\"@id\":\"https:\\\/\\\/www.bocskairadio.org\\\/en\\\/#organization\"},\"potentialAction\":[{\"@type\":\"SearchAction\",\"target\":{\"@type\":\"EntryPoint\",\"urlTemplate\":\"https:\\\/\\\/www.bocskairadio.org\\\/en\\\/?s={search_term_string}\"},\"query-input\":{\"@type\":\"PropertyValueSpecification\",\"valueRequired\":true,\"valueName\":\"search_term_string\"}}],\"inLanguage\":\"en-US\"},{\"@type\":\"Organization\",\"@id\":\"https:\\\/\\\/www.bocskairadio.org\\\/en\\\/#organization\",\"name\":\"Bocskai R\u00e1di\u00f3\",\"url\":\"https:\\\/\\\/www.bocskairadio.org\\\/en\\\/\",\"logo\":{\"@type\":\"ImageObject\",\"inLanguage\":\"en-US\",\"@id\":\"https:\\\/\\\/www.bocskairadio.org\\\/en\\\/#\\\/schema\\\/logo\\\/image\\\/\",\"url\":\"https:\\\/\\\/www.bocskairadio.org\\\/wp-content\\\/uploads\\\/2016\\\/11\\\/var3_basic.jpg\",\"contentUrl\":\"https:\\\/\\\/www.bocskairadio.org\\\/wp-content\\\/uploads\\\/2016\\\/11\\\/var3_basic.jpg\",\"width\":500,\"height\":500,\"caption\":\"Bocskai R\u00e1di\u00f3\"},\"image\":{\"@id\":\"https:\\\/\\\/www.bocskairadio.org\\\/en\\\/#\\\/schema\\\/logo\\\/image\\\/\"},\"sameAs\":[\"https:\\\/\\\/www.facebook.com\\\/BocskaiRadio\",\"https:\\\/\\\/x.com\\\/BocskaiRadio\",\"https:\\\/\\\/www.instagram.com\\\/bocskairadio\\\/\",\"https:\\\/\\\/www.youtube.com\\\/user\\\/bocskairadio\",\"https:\\\/\\\/hu.wikipedia.org\\\/wiki\\\/Bocskai_R\u00e1di\u00f3\"]}]}<\/script>\n<!-- \/ Yoast SEO plugin. -->","yoast_head_json":{"title":"70th Hungarian Festival in Cleveland \/ 70. Clevelandi Cserk\u00e9sznap &#8211; Bocskai R\u00e1di\u00f3","robots":{"index":"index","follow":"follow","max-snippet":"max-snippet:-1","max-image-preview":"max-image-preview:large","max-video-preview":"max-video-preview:-1"},"canonical":"https:\/\/www.bocskairadio.org\/en\/event\/70th-hungarian-festival-in-cleveland-70-clevelandi-cserkesznap\/","og_locale":"en_US","og_type":"article","og_title":"70th Hungarian Festival in Cleveland \/ 70. Clevelandi Cserk\u00e9sznap &#8211; Bocskai R\u00e1di\u00f3","og_description":"Please join us for the 70th Hungarian Festival in Cleveland on Sunday, Sept. 6 between 10:30 AM \u2013 8:00 PM. Please see the flyer for list of events and times. It will be a day of celebration, fantastic food, markets, amazing music, and lots of dancing and other cultural activities for the whole family! Hope to see you there! Additional information at &lt;a href=&quot;http:\/\/www.csbk.org70\" target=\"_blank\" title=\"www.csbk.org70\"&gt;www.csbk.org70. Clevelandi Cserk\u00e9sznap \u2013 75 \u00e9v magyar cserk\u00e9szet Clevelandben! \ud83c\udded\ud83c\uddfaA\u00a0Clevelandi Cserk\u00e9sz Bar\u00e1tok K\u00f6re\u00a0szeretettel h\u00edv mindenkit a\u00a070. Clevelandi Cserk\u00e9sznapra, amelyet\u00a02026. szeptember 6-\u00e1n, vas\u00e1rnap\u00a0rendeznek meg a m\u00e1r j\u00f3l ismert\u00a0German Central Parkban. \ud83d\udccd\u00a0Helysz\u00edn:\u00a07863 York Road, Parma, Ohio\ud83d\udd59\u00a0Kapunyit\u00e1s:\u00a0d\u00e9lel\u0151tt 10 \u00f3rakor\ud83d\udd57\u00a0A program v\u00e9ge:\u00a0este 8 \u00f3rakor A nap folyam\u00e1n a l\u00e1togat\u00f3k megismerhetik a clevelandi magyar cserk\u00e9szet munk\u00e1j\u00e1t, megk\u00f3stolhatj\u00e1k a finom magyar \u00e9teleket \u00e9s s\u00fctem\u00e9nyeket, valamint a\u00a0Harm\u00f3nia\u00e9s a\u00a0F\u00e9szer zenekar\u00a0muzsik\u00e1ja mellett sz\u00f3rakozhatnak. \u26fa\u00a0Programok: \u2022\u00a010:30\u00a0\u2013 hagyom\u00e1nyos z\u00e1szl\u00f3felvon\u00e1s\u2022\u00a011:00\u00a0\u2013 katolikus \u00e9s protest\u00e1ns istentisztelet\u2022\u00a012:00-t\u00f3l\u00a0\u2013 magyar \u00e9telek \u00e9s finoms\u00e1gok\u2022\u00a014:00\u201317:00\u00a0\u2013 cserk\u00e9szprogramo k, gyermekfoglalkoz \u00e1sok\u2022 vadon \u00e9l\u0151 \u00e1llatok bemutat\u00f3ja\u2022 k\u00e9zm\u0171ves foglalkoz\u00e1sok\u2022 \u00fcgyess\u00e9gi versenyek \ud83c\udf89 Az idei Cserk\u00e9sznap k\u00fcl\u00f6n\u00f6sen \u00fcnnepi, hiszen a clevelandi magyar cserk\u00e9szet fenn\u00e1ll\u00e1s\u00e1nak\u00a075. \u00e9vfordul\u00f3j\u00e1r\u00f3l\u00a0is megeml\u00e9keznek. Ennek alkalm\u00e1b\u00f3l k\u00fcl\u00f6n ki\u00e1ll\u00edt\u00e1ssal \u00e9s \u00fcnnepi m\u0171sorral k\u00e9sz\u00fclnek. \ud83d\udcf8\u00a015:30-kor nagyszab\u00e1s\u00fa cserk\u00e9szcsoportk \u00e9p k\u00e9sz\u00fcl, amelyet dr\u00f3nfelv\u00e9telen is meg\u00f6r\u00f6k\u00edtenek. A szervez\u0151k k\u00e9rnek minden clevelandi cserk\u00e9szt, hogy felt\u00e9tlen\u00fcl legyen jelen! A Cserk\u00e9sznapot imm\u00e1r\u00a070. alkalommal\u00a0rendezik meg a clevelandi magyar cserk\u00e9szet t\u00e1mogat\u00e1s\u00e1ra. Akik szeretn\u00e9nek seg\u00edteni az el\u0151k\u00e9sz\u00fcletekben \u00a0vagy a rendezv\u00e9ny napj\u00e1n, min\u00e9l hamarabb jelentkezzenek a\u00a0Cserk\u00e9sz Bar\u00e1tok K\u00f6re vezet\u0151s\u00e9g\u00e9n\u00e9l.","og_url":"https:\/\/www.bocskairadio.org\/en\/event\/70th-hungarian-festival-in-cleveland-70-clevelandi-cserkesznap\/","og_site_name":"Bocskai R\u00e1di\u00f3","article_publisher":"https:\/\/www.facebook.com\/BocskaiRadio","twitter_card":"summary_large_image","twitter_site":"@BocskaiRadio","schema":{"@context":"https:\/\/schema.org","@graph":[{"@type":"WebPage","@id":"https:\/\/www.bocskairadio.org\/en\/event\/70th-hungarian-festival-in-cleveland-70-clevelandi-cserkesznap\/","url":"https:\/\/www.bocskairadio.org\/en\/event\/70th-hungarian-festival-in-cleveland-70-clevelandi-cserkesznap\/","name":"70th Hungarian Festival in Cleveland \/ 70. Clevelandi Cserk\u00e9sznap &#8211; Bocskai R\u00e1di\u00f3","isPartOf":{"@id":"https:\/\/www.bocskairadio.org\/en\/#website"},"primaryImageOfPage":{"@id":"https:\/\/www.bocskairadio.org\/en\/event\/70th-hungarian-festival-in-cleveland-70-clevelandi-cserkesznap\/#primaryimage"},"image":{"@id":"https:\/\/www.bocskairadio.org\/en\/event\/70th-hungarian-festival-in-cleveland-70-clevelandi-cserkesznap\/#primaryimage"},"thumbnailUrl":"https:\/\/www.bocskairadio.org\/wp-content\/uploads\/2026\/08\/1113264_image_IMG_6502.jpeg","datePublished":"2026-08-29T01:31:48+00:00","breadcrumb":{"@id":"https:\/\/www.bocskairadio.org\/en\/event\/70th-hungarian-festival-in-cleveland-70-clevelandi-cserkesznap\/#breadcrumb"},"inLanguage":"en-US","potentialAction":[{"@type":"ReadAction","target":["https:\/\/www.bocskairadio.org\/en\/event\/70th-hungarian-festival-in-cleveland-70-clevelandi-cserkesznap\/"]}]},{"@type":"ImageObject","inLanguage":"en-US","@id":"https:\/\/www.bocskairadio.org\/en\/event\/70th-hungarian-festival-in-cleveland-70-clevelandi-cserkesznap\/#primaryimage","url":"https:\/\/www.bocskairadio.org\/wp-content\/uploads\/2026\/08\/1113264_image_IMG_6502.jpeg","contentUrl":"https:\/\/www.bocskairadio.org\/wp-content\/uploads\/2026\/08\/1113264_image_IMG_6502.jpeg","width":1164,"height":1491},{"@type":"BreadcrumbList","@id":"https:\/\/www.bocskairadio.org\/en\/event\/70th-hungarian-festival-in-cleveland-70-clevelandi-cserkesznap\/#breadcrumb","itemListElement":[{"@type":"ListItem","position":1,"name":"Events","item":"https:\/\/www.bocskairadio.org\/en\/events\/"},{"@type":"ListItem","position":2,"name":"70th Hungarian Festival in Cleveland \/ 70. Clevelandi Cserk\u00e9sznap"}]},{"@type":"WebSite","@id":"https:\/\/www.bocskairadio.org\/en\/#website","url":"https:\/\/www.bocskairadio.org\/en\/","name":"Bocskai R\u00e1di\u00f3","description":"The Voice of Cleveland Hungarians","publisher":{"@id":"https:\/\/www.bocskairadio.org\/en\/#organization"},"potentialAction":[{"@type":"SearchAction","target":{"@type":"EntryPoint","urlTemplate":"https:\/\/www.bocskairadio.org\/en\/?s={search_term_string}"},"query-input":{"@type":"PropertyValueSpecification","valueRequired":true,"valueName":"search_term_string"}}],"inLanguage":"en-US"},{"@type":"Organization","@id":"https:\/\/www.bocskairadio.org\/en\/#organization","name":"Bocskai R\u00e1di\u00f3","url":"https:\/\/www.bocskairadio.org\/en\/","logo":{"@type":"ImageObject","inLanguage":"en-US","@id":"https:\/\/www.bocskairadio.org\/en\/#\/schema\/logo\/image\/","url":"https:\/\/www.bocskairadio.org\/wp-content\/uploads\/2016\/11\/var3_basic.jpg","contentUrl":"https:\/\/www.bocskairadio.org\/wp-content\/uploads\/2016\/11\/var3_basic.jpg","width":500,"height":500,"caption":"Bocskai R\u00e1di\u00f3"},"image":{"@id":"https:\/\/www.bocskairadio.org\/en\/#\/schema\/logo\/image\/"},"sameAs":["https:\/\/www.facebook.com\/BocskaiRadio","https:\/\/x.com\/BocskaiRadio","https:\/\/www.instagram.com\/bocskairadio\/","https:\/\/www.youtube.com\/user\/bocskairadio","https:\/\/hu.wikipedia.org\/wiki\/Bocskai_R\u00e1di\u00f3"]}]}},"_links":{"self":[{"href":"https:\/\/www.bocskairadio.org\/en\/wp-json\/wp\/v2\/tribe_events\/1113264","targetHints":{"allow":["GET"]}}],"collection":[{"href":"https:\/\/www.bocskairadio.org\/en\/wp-json\/wp\/v2\/tribe_events"}],"about":[{"href":"https:\/\/www.bocskairadio.org\/en\/wp-json\/wp\/v2\/types\/tribe_events"}],"version-history":[{"count":0,"href":"https:\/\/www.bocskairadio.org\/en\/wp-json\/wp\/v2\/tribe_events\/1113264\/revisions"}],"wp:featuredmedia":[{"embeddable":true,"href":"https:\/\/www.bocskairadio.org\/en\/wp-json\/wp\/v2\/media\/1113267"}],"wp:attachment":[{"href":"https:\/\/www.bocskairadio.org\/en\/wp-json\/wp\/v2\/media?parent=1113264"}],"wp:term":[{"taxonomy":"post_tag","embeddable":true,"href":"https:\/\/www.bocskairadio.org\/en\/wp-json\/wp\/v2\/tags?post=1113264"},{"taxonomy":"tribe_events_cat","embeddable":true,"href":"https:\/\/www.bocskairadio.org\/en\/wp-json\/wp\/v2\/tribe_events_cat?post=1113264"}],"curies":[{"name":"wp","href":"https:\/\/api.w.org\/{rel}","templated":true}]}}