{"id":1113370,"date":"2026-09-01T21:32:25","date_gmt":"2026-09-02T01:32:25","guid":{"rendered":"https:\/\/www.bocskairadio.org\/event\/a-nation-of-immigrants-cleveland-hungarian-museum-sept-program-a-bevandorlok-nemzete-clevelandi-magyar-muzeum\/"},"modified":"2026-09-02T14:23:11","modified_gmt":"2026-09-02T18:23:11","slug":"a-nation-of-immigrants-cleveland-hungarian-museum-sept-program-a-bevandorlok-nemzete-clevelandi-magyar-muzeum","status":"publish","type":"tribe_events","link":"https:\/\/www.bocskairadio.org\/en\/event\/a-nation-of-immigrants-cleveland-hungarian-museum-sept-program-a-bevandorlok-nemzete-clevelandi-magyar-muzeum\/","title":{"rendered":"A Nation of Immigrants (Cleveland Hungarian Museum Sept. Program) \/ A Bev\u00e1ndorl\u00f3k Nemzete (Clevelandi Magyar M\u00fazeum)"},"content":{"rendered":"<p class=\"PDq2pG_selectionAnchorContainer\" style=\"text-align: justify;\" data-start=\"55\" data-end=\"239\">Az Egyes\u00fclt \u00c1llamok fenn\u00e1ll\u00e1s\u00e1nak <strong data-start=\"89\" data-end=\"109\">250. \u00e9vfordul\u00f3ja<\/strong> alkalm\u00e1b\u00f3l k\u00fcl\u00f6nleges kerekasztal-besz\u00e9lget\u00e9sre v\u00e1rja az \u00e9rdekl\u0151d\u0151ket a <strong data-start=\"182\" data-end=\"210\">Clevelandi Magyar M\u00fazeum<\/strong> szeptember 12-\u00e9n, szombaton.<\/p>\n<p style=\"text-align: justify;\" data-start=\"241\" data-end=\"626\">A <strong data-start=\"243\" data-end=\"295\">\u201eA Nation of Immigrants \u2013 A bev\u00e1ndorl\u00f3k nemzete\u201d<\/strong> c\u00edm\u0171 program azt mutatja be, milyen szerepet j\u00e1tszottak az elm\u00falt 250 \u00e9v sor\u00e1n a k\u00fcl\u00f6nb\u00f6z\u0151 bev\u00e1ndorl\u00f3 k\u00f6z\u00f6ss\u00e9gek az Egyes\u00fclt \u00c1llamok fel\u00e9p\u00edt\u00e9s\u00e9ben \u00e9s fejl\u0151d\u00e9s\u00e9ben. A r\u00e9sztvev\u0151k saj\u00e1t k\u00f6z\u00f6ss\u00e9geik t\u00f6rt\u00e9net\u00e9n, tapasztalatain \u00e9s \u00f6r\u00f6ks\u00e9g\u00e9n kereszt\u00fcl besz\u00e9lnek arr\u00f3l, hogyan form\u00e1lt\u00e1k a bev\u00e1ndorl\u00f3k Amerika t\u00f6rt\u00e9nelm\u00e9t \u00e9s mai arculat\u00e1t.<\/p>\n<p style=\"text-align: justify;\" data-start=\"628\" data-end=\"776\">A besz\u00e9lget\u00e9s moder\u00e1tora <strong data-start=\"653\" data-end=\"671\">John Grabowski<\/strong>, a Case Western Reserve University vend\u00e9gprofesszora \u00e9s a Western Reserve Historical Society t\u00f6rt\u00e9n\u00e9sze.<\/p>\n<p style=\"text-align: justify;\" data-start=\"778\" data-end=\"1162\">A kerekasztal r\u00e9sztvev\u0151i k\u00f6z\u00f6tt ott lesz <strong data-start=\"819\" data-end=\"837\">Margaret Lynch<\/strong>, az Irish American Archives Society k\u00e9pviselet\u00e9ben; <strong data-start=\"890\" data-end=\"913\">Pamela Dorazio Dean<\/strong>, az Italian American Museum of Cleveland r\u00e9sz\u00e9r\u0151l; <strong data-start=\"965\" data-end=\"984\">Andrew Fedynsky<\/strong>, a Ukrainian Museum-Archives k\u00e9pviselet\u00e9ben; valamint <strong data-start=\"1039\" data-end=\"1055\">Andrew Lazar<\/strong>, a Clevelandi Magyar M\u00fazeum r\u00e9sz\u00e9r\u0151l. A lengyel k\u00f6z\u00f6ss\u00e9g k\u00e9pvisel\u0151je szint\u00e9n csatlakozik a besz\u00e9lget\u00e9shez.<\/p>\n<p style=\"text-align: justify;\" data-start=\"1164\" data-end=\"1321\">Az esem\u00e9ny <strong data-start=\"1175\" data-end=\"1238\">2026. szeptember 12-\u00e9n, szombaton d\u00e9lut\u00e1n 2 \u00e9s 4 \u00f3ra k\u00f6z\u00f6tt<\/strong> lesz. A m\u00fazeum m\u00e1r <strong data-start=\"1258\" data-end=\"1290\">d\u00e9lut\u00e1n 1 \u00f3r\u00e1t\u00f3l nyitva tart<\/strong>, \u00edgy \u00e9rdemes kor\u00e1bban \u00e9rkezni.<\/p>\n<p style=\"text-align: justify;\" data-start=\"1323\" data-end=\"1425\">A helysz\u00edn a <strong data-start=\"1336\" data-end=\"1364\">Clevelandi Magyar M\u00fazeum<\/strong>, a Galleria \u00e9p\u00fclet\u00e9ben, <strong data-start=\"1389\" data-end=\"1424\">1301 East 9th Street, Cleveland<\/strong>.<\/p>\n<p style=\"text-align: justify;\" data-start=\"1427\" data-end=\"1640\">A rendezv\u00e9ny <strong data-start=\"1440\" data-end=\"1474\">nyitott a nagyk\u00f6z\u00f6ns\u00e9g sz\u00e1m\u00e1ra<\/strong>, \u00e9s minden \u00e9rdekl\u0151d\u0151t szeretettel v\u00e1rnak. A k\u00f6z\u00f6ns\u00e9gnek is lehet\u0151s\u00e9ge lesz bekapcsol\u00f3dni a besz\u00e9lget\u00e9sbe, \u00e9s megosztani saj\u00e1t csal\u00e1dja, illetve k\u00f6z\u00f6ss\u00e9ge t\u00f6rt\u00e9net\u00e9t.<\/p>\n<p style=\"text-align: justify;\" data-start=\"1642\" data-end=\"1792\" data-is-last-node=\"\" data-is-only-node=\"\"><strong data-start=\"1642\" data-end=\"1792\" data-is-last-node=\"\">Legyenek r\u00e9szesei ennek a k\u00fcl\u00f6nleges tal\u00e1lkoz\u00e1snak, ahol Cleveland k\u00fcl\u00f6nb\u00f6z\u0151 nemzetis\u00e9gi k\u00f6z\u00f6ss\u00e9gei egy\u00fctt id\u00e9zik fel Amerika 250 \u00e9ves t\u00f6rt\u00e9net\u00e9t.<\/strong><\/p>\n<p data-start=\"1642\" data-end=\"1792\" data-is-last-node=\"\" data-is-only-node=\"\"><a href=\"https:\/\/www.bocskairadio.org\/wp-content\/uploads\/2026\/09\/1113370_image_America-250th-RoundTable-9-12-26-Flyer-with-names.jpg\"><img loading=\"lazy\" decoding=\"async\" class=\" td-modal-image aligncenter wp-image-1113375 size-full\" src=\"https:\/\/www.bocskairadio.org\/wp-content\/uploads\/2026\/09\/1113370_image_America-250th-RoundTable-9-12-26-Flyer-with-names.jpg\" alt=\"\" width=\"1164\" height=\"1506\" srcset=\"https:\/\/www.bocskairadio.org\/wp-content\/uploads\/2026\/09\/1113370_image_America-250th-RoundTable-9-12-26-Flyer-with-names.jpg 1164w, https:\/\/www.bocskairadio.org\/wp-content\/uploads\/2026\/09\/1113370_image_America-250th-RoundTable-9-12-26-Flyer-with-names-232x300.jpg 232w, https:\/\/www.bocskairadio.org\/wp-content\/uploads\/2026\/09\/1113370_image_America-250th-RoundTable-9-12-26-Flyer-with-names-464x600.jpg 464w, https:\/\/www.bocskairadio.org\/wp-content\/uploads\/2026\/09\/1113370_image_America-250th-RoundTable-9-12-26-Flyer-with-names-768x994.jpg 768w, https:\/\/www.bocskairadio.org\/wp-content\/uploads\/2026\/09\/1113370_image_America-250th-RoundTable-9-12-26-Flyer-with-names-325x420.jpg 325w, https:\/\/www.bocskairadio.org\/wp-content\/uploads\/2026\/09\/1113370_image_America-250th-RoundTable-9-12-26-Flyer-with-names-696x901.jpg 696w, https:\/\/www.bocskairadio.org\/wp-content\/uploads\/2026\/09\/1113370_image_America-250th-RoundTable-9-12-26-Flyer-with-names-1068x1382.jpg 1068w, https:\/\/www.bocskairadio.org\/wp-content\/uploads\/2026\/09\/1113370_image_America-250th-RoundTable-9-12-26-Flyer-with-names-560x725.jpg 560w\" sizes=\"auto, (max-width: 1164px) 100vw, 1164px\" \/><\/a><\/p>\n","protected":false},"excerpt":{"rendered":"<p class=\"PDq2pG_selectionAnchorContainer\" style=\"text-align: justify;\" data-start=\"55\" data-end=\"239\">Az Egyes\u00fclt \u00c1llamok fenn\u00e1ll\u00e1s\u00e1nak <strong data-start=\"89\" data-end=\"109\">250. \u00e9vfordul\u00f3ja<\/strong> alkalm\u00e1b\u00f3l k\u00fcl\u00f6nleges kerekasztal-besz\u00e9lget\u00e9sre v\u00e1rja az \u00e9rdekl\u0151d\u0151ket a <strong data-start=\"182\" data-end=\"210\">Clevelandi Magyar M\u00fazeum<\/strong> szeptember 12-\u00e9n, szombaton.<\/p>\n<p style=\"text-align: justify;\" data-start=\"241\" data-end=\"626\">A <strong data-start=\"243\" data-end=\"295\">\u201eA Nation of Immigrants \u2013 A bev\u00e1ndorl\u00f3k nemzete\u201d<\/strong> c\u00edm\u0171 program azt mutatja be, milyen szerepet j\u00e1tszottak az elm\u00falt 250 \u00e9v sor\u00e1n a k\u00fcl\u00f6nb\u00f6z\u0151 bev\u00e1ndorl\u00f3 k\u00f6z\u00f6ss\u00e9gek az Egyes\u00fclt \u00c1llamok fel\u00e9p\u00edt\u00e9s\u00e9ben \u00e9s fejl\u0151d\u00e9s\u00e9ben. A r\u00e9sztvev\u0151k saj\u00e1t k\u00f6z\u00f6ss\u00e9geik t\u00f6rt\u00e9net\u00e9n, tapasztalatain \u00e9s \u00f6r\u00f6ks\u00e9g\u00e9n kereszt\u00fcl besz\u00e9lnek arr\u00f3l, hogyan form\u00e1lt\u00e1k a bev\u00e1ndorl\u00f3k Amerika t\u00f6rt\u00e9nelm\u00e9t \u00e9s mai arculat\u00e1t.<\/p>\n<p style=\"text-align: justify;\" data-start=\"628\" data-end=\"776\">A besz\u00e9lget\u00e9s moder\u00e1tora <strong data-start=\"653\" data-end=\"671\">John Grabowski<\/strong>, a Case Western Reserve University vend\u00e9gprofesszora \u00e9s a Western Reserve Historical Society t\u00f6rt\u00e9n\u00e9sze.<\/p>\n<p style=\"text-align: justify;\" data-start=\"778\" data-end=\"1162\">A kerekasztal r\u00e9sztvev\u0151i k\u00f6z\u00f6tt ott lesz <strong data-start=\"819\" data-end=\"837\">Margaret Lynch<\/strong>, az Irish American Archives Society k\u00e9pviselet\u00e9ben; <strong data-start=\"890\" data-end=\"913\">Pamela Dorazio Dean<\/strong>, az Italian American Museum of Cleveland r\u00e9sz\u00e9r\u0151l; <strong data-start=\"965\" data-end=\"984\">Andrew Fedynsky<\/strong>, a Ukrainian Museum-Archives k\u00e9pviselet\u00e9ben; valamint <strong data-start=\"1039\" data-end=\"1055\">Andrew Lazar<\/strong>, a Clevelandi Magyar M\u00fazeum r\u00e9sz\u00e9r\u0151l. A lengyel k\u00f6z\u00f6ss\u00e9g k\u00e9pvisel\u0151je szint\u00e9n csatlakozik a besz\u00e9lget\u00e9shez.<\/p>\n<p style=\"text-align: justify;\" data-start=\"1164\" data-end=\"1321\">Az esem\u00e9ny <strong data-start=\"1175\" data-end=\"1238\">2026. szeptember 12-\u00e9n, szombaton d\u00e9lut\u00e1n 2 \u00e9s 4 \u00f3ra k\u00f6z\u00f6tt<\/strong> lesz. A m\u00fazeum m\u00e1r <strong data-start=\"1258\" data-end=\"1290\">d\u00e9lut\u00e1n 1 \u00f3r\u00e1t\u00f3l nyitva tart<\/strong>, \u00edgy \u00e9rdemes kor\u00e1bban \u00e9rkezni.<\/p>\n<p style=\"text-align: justify;\" data-start=\"1323\" data-end=\"1425\">A helysz\u00edn a <strong data-start=\"1336\" data-end=\"1364\">Clevelandi Magyar M\u00fazeum<\/strong>, a Galleria \u00e9p\u00fclet\u00e9ben, <strong data-start=\"1389\" data-end=\"1424\">1301 East 9th Street, Cleveland<\/strong>.<\/p>\n<p style=\"text-align: justify;\" data-start=\"1427\" data-end=\"1640\">A rendezv\u00e9ny <strong data-start=\"1440\" data-end=\"1474\">nyitott a nagyk\u00f6z\u00f6ns\u00e9g sz\u00e1m\u00e1ra<\/strong>, \u00e9s minden \u00e9rdekl\u0151d\u0151t szeretettel v\u00e1rnak. A k\u00f6z\u00f6ns\u00e9gnek is lehet\u0151s\u00e9ge lesz bekapcsol\u00f3dni a besz\u00e9lget\u00e9sbe, \u00e9s megosztani saj\u00e1t csal\u00e1dja, illetve k\u00f6z\u00f6ss\u00e9ge t\u00f6rt\u00e9net\u00e9t.<\/p>\n<p style=\"text-align: justify;\" data-start=\"1642\" data-end=\"1792\" data-is-last-node=\"\" data-is-only-node=\"\"><strong data-start=\"1642\" data-end=\"1792\" data-is-last-node=\"\">Legyenek r\u00e9szesei ennek a k\u00fcl\u00f6nleges tal\u00e1lkoz\u00e1snak, ahol Cleveland k\u00fcl\u00f6nb\u00f6z\u0151 nemzetis\u00e9gi k\u00f6z\u00f6ss\u00e9gei egy\u00fctt id\u00e9zik fel Amerika 250 \u00e9ves t\u00f6rt\u00e9net\u00e9t.<\/strong><\/p>\n<p data-start=\"1642\" data-end=\"1792\" data-is-last-node=\"\" data-is-only-node=\"\"><a href=\"https:\/\/www.bocskairadio.org\/wp-content\/uploads\/2026\/09\/1113370_image_America-250th-RoundTable-9-12-26-Flyer-with-names.jpg\"><img loading=\"lazy\" decoding=\"async\" class=\" td-modal-image aligncenter wp-image-1113375 size-full\" src=\"https:\/\/www.bocskairadio.org\/wp-content\/uploads\/2026\/09\/1113370_image_America-250th-RoundTable-9-12-26-Flyer-with-names.jpg\" alt=\"\" width=\"1164\" height=\"1506\" srcset=\"https:\/\/www.bocskairadio.org\/wp-content\/uploads\/2026\/09\/1113370_image_America-250th-RoundTable-9-12-26-Flyer-with-names.jpg 1164w, https:\/\/www.bocskairadio.org\/wp-content\/uploads\/2026\/09\/1113370_image_America-250th-RoundTable-9-12-26-Flyer-with-names-232x300.jpg 232w, https:\/\/www.bocskairadio.org\/wp-content\/uploads\/2026\/09\/1113370_image_America-250th-RoundTable-9-12-26-Flyer-with-names-464x600.jpg 464w, https:\/\/www.bocskairadio.org\/wp-content\/uploads\/2026\/09\/1113370_image_America-250th-RoundTable-9-12-26-Flyer-with-names-768x994.jpg 768w, https:\/\/www.bocskairadio.org\/wp-content\/uploads\/2026\/09\/1113370_image_America-250th-RoundTable-9-12-26-Flyer-with-names-325x420.jpg 325w, https:\/\/www.bocskairadio.org\/wp-content\/uploads\/2026\/09\/1113370_image_America-250th-RoundTable-9-12-26-Flyer-with-names-696x901.jpg 696w, https:\/\/www.bocskairadio.org\/wp-content\/uploads\/2026\/09\/1113370_image_America-250th-RoundTable-9-12-26-Flyer-with-names-1068x1382.jpg 1068w, https:\/\/www.bocskairadio.org\/wp-content\/uploads\/2026\/09\/1113370_image_America-250th-RoundTable-9-12-26-Flyer-with-names-560x725.jpg 560w\" sizes=\"auto, (max-width: 1164px) 100vw, 1164px\" \/><\/a><\/p>\n","protected":false},"author":2,"featured_media":1113375,"template":"","meta":{"_tribe_events_status":"","_tribe_events_status_reason":"","footnotes":""},"tags":[],"tribe_events_cat":[],"class_list":["post-1113370","tribe_events","type-tribe_events","status-publish","has-post-thumbnail"],"yoast_head":"<!-- This site is optimized with the Yoast SEO plugin v28.4 - https:\/\/yoast.com\/product\/yoast-seo-wordpress\/ -->\n<title>A Nation of Immigrants (Cleveland Hungarian Museum Sept. Program) \/ A Bev\u00e1ndorl\u00f3k Nemzete (Clevelandi Magyar M\u00fazeum) &#8211; Bocskai R\u00e1di\u00f3<\/title>\n<meta name=\"robots\" content=\"index, follow, max-snippet:-1, max-image-preview:large, max-video-preview:-1\" \/>\n<link rel=\"canonical\" href=\"https:\/\/www.bocskairadio.org\/en\/event\/a-nation-of-immigrants-cleveland-hungarian-museum-sept-program-a-bevandorlok-nemzete-clevelandi-magyar-muzeum\/\" \/>\n<meta property=\"og:locale\" content=\"en_US\" \/>\n<meta property=\"og:type\" content=\"article\" \/>\n<meta property=\"og:title\" content=\"A Nation of Immigrants (Cleveland Hungarian Museum Sept. Program) \/ A Bev\u00e1ndorl\u00f3k Nemzete (Clevelandi Magyar M\u00fazeum) &#8211; Bocskai R\u00e1di\u00f3\" \/>\n<meta property=\"og:description\" content=\"Az Egyes\u00fclt \u00c1llamok fenn\u00e1ll\u00e1s\u00e1nak 250. \u00e9vfordul\u00f3ja alkalm\u00e1b\u00f3l k\u00fcl\u00f6nleges kerekasztal-besz\u00e9lget\u00e9sre v\u00e1rja az \u00e9rdekl\u0151d\u0151ket a Clevelandi Magyar M\u00fazeum szeptember 12-\u00e9n, szombaton. A \u201eA Nation of Immigrants \u2013 A bev\u00e1ndorl\u00f3k nemzete\u201d c\u00edm\u0171 program azt mutatja be, milyen szerepet j\u00e1tszottak az elm\u00falt 250 \u00e9v sor\u00e1n a k\u00fcl\u00f6nb\u00f6z\u0151 bev\u00e1ndorl\u00f3 k\u00f6z\u00f6ss\u00e9gek az Egyes\u00fclt \u00c1llamok fel\u00e9p\u00edt\u00e9s\u00e9ben \u00e9s fejl\u0151d\u00e9s\u00e9ben. A r\u00e9sztvev\u0151k saj\u00e1t k\u00f6z\u00f6ss\u00e9geik t\u00f6rt\u00e9net\u00e9n, tapasztalatain \u00e9s \u00f6r\u00f6ks\u00e9g\u00e9n kereszt\u00fcl besz\u00e9lnek arr\u00f3l, hogyan form\u00e1lt\u00e1k a bev\u00e1ndorl\u00f3k Amerika t\u00f6rt\u00e9nelm\u00e9t \u00e9s mai arculat\u00e1t. A besz\u00e9lget\u00e9s moder\u00e1tora John Grabowski, a Case Western Reserve University vend\u00e9gprofesszora \u00e9s a Western Reserve Historical Society t\u00f6rt\u00e9n\u00e9sze. A kerekasztal r\u00e9sztvev\u0151i k\u00f6z\u00f6tt ott lesz Margaret Lynch, az Irish American Archives Society k\u00e9pviselet\u00e9ben; Pamela Dorazio Dean, az Italian American Museum of Cleveland r\u00e9sz\u00e9r\u0151l; Andrew Fedynsky, a Ukrainian Museum-Archives k\u00e9pviselet\u00e9ben; valamint Andrew Lazar, a Clevelandi Magyar M\u00fazeum r\u00e9sz\u00e9r\u0151l. A lengyel k\u00f6z\u00f6ss\u00e9g k\u00e9pvisel\u0151je szint\u00e9n csatlakozik a besz\u00e9lget\u00e9shez. Az esem\u00e9ny 2026. szeptember 12-\u00e9n, szombaton d\u00e9lut\u00e1n 2 \u00e9s 4 \u00f3ra k\u00f6z\u00f6tt lesz. A m\u00fazeum m\u00e1r d\u00e9lut\u00e1n 1 \u00f3r\u00e1t\u00f3l nyitva tart, \u00edgy \u00e9rdemes kor\u00e1bban \u00e9rkezni. A helysz\u00edn a Clevelandi Magyar M\u00fazeum, a Galleria \u00e9p\u00fclet\u00e9ben, 1301 East 9th Street, Cleveland. A rendezv\u00e9ny nyitott a nagyk\u00f6z\u00f6ns\u00e9g sz\u00e1m\u00e1ra, \u00e9s minden \u00e9rdekl\u0151d\u0151t szeretettel v\u00e1rnak. A k\u00f6z\u00f6ns\u00e9gnek is lehet\u0151s\u00e9ge lesz bekapcsol\u00f3dni a besz\u00e9lget\u00e9sbe, \u00e9s megosztani saj\u00e1t csal\u00e1dja, illetve k\u00f6z\u00f6ss\u00e9ge t\u00f6rt\u00e9net\u00e9t. Legyenek r\u00e9szesei ennek a k\u00fcl\u00f6nleges tal\u00e1lkoz\u00e1snak, ahol Cleveland k\u00fcl\u00f6nb\u00f6z\u0151 nemzetis\u00e9gi k\u00f6z\u00f6ss\u00e9gei egy\u00fctt id\u00e9zik fel Amerika 250 \u00e9ves t\u00f6rt\u00e9net\u00e9t.\" \/>\n<meta property=\"og:url\" content=\"https:\/\/www.bocskairadio.org\/en\/event\/a-nation-of-immigrants-cleveland-hungarian-museum-sept-program-a-bevandorlok-nemzete-clevelandi-magyar-muzeum\/\" \/>\n<meta property=\"og:site_name\" content=\"Bocskai R\u00e1di\u00f3\" \/>\n<meta property=\"article:publisher\" content=\"https:\/\/www.facebook.com\/BocskaiRadio\" \/>\n<meta property=\"article:modified_time\" content=\"2026-09-02T18:23:11+00:00\" \/>\n<meta property=\"og:image\" content=\"https:\/\/www.bocskairadio.org\/wp-content\/uploads\/2026\/09\/1113370_image_America-250th-RoundTable-9-12-26-Flyer-with-names.jpg\" \/>\n\t<meta property=\"og:image:width\" content=\"1164\" \/>\n\t<meta property=\"og:image:height\" content=\"1506\" \/>\n\t<meta property=\"og:image:type\" content=\"image\/jpeg\" \/>\n<meta name=\"twitter:card\" content=\"summary_large_image\" \/>\n<meta name=\"twitter:site\" content=\"@BocskaiRadio\" \/>\n<script type=\"application\/ld+json\" class=\"yoast-schema-graph\">{\"@context\":\"https:\\\/\\\/schema.org\",\"@graph\":[{\"@type\":\"WebPage\",\"@id\":\"https:\\\/\\\/www.bocskairadio.org\\\/en\\\/event\\\/a-nation-of-immigrants-cleveland-hungarian-museum-sept-program-a-bevandorlok-nemzete-clevelandi-magyar-muzeum\\\/\",\"url\":\"https:\\\/\\\/www.bocskairadio.org\\\/en\\\/event\\\/a-nation-of-immigrants-cleveland-hungarian-museum-sept-program-a-bevandorlok-nemzete-clevelandi-magyar-muzeum\\\/\",\"name\":\"A Nation of Immigrants (Cleveland Hungarian Museum Sept. Program) \\\/ A Bev\u00e1ndorl\u00f3k Nemzete (Clevelandi Magyar M\u00fazeum) &#8211; Bocskai R\u00e1di\u00f3\",\"isPartOf\":{\"@id\":\"https:\\\/\\\/www.bocskairadio.org\\\/en\\\/#website\"},\"primaryImageOfPage\":{\"@id\":\"https:\\\/\\\/www.bocskairadio.org\\\/en\\\/event\\\/a-nation-of-immigrants-cleveland-hungarian-museum-sept-program-a-bevandorlok-nemzete-clevelandi-magyar-muzeum\\\/#primaryimage\"},\"image\":{\"@id\":\"https:\\\/\\\/www.bocskairadio.org\\\/en\\\/event\\\/a-nation-of-immigrants-cleveland-hungarian-museum-sept-program-a-bevandorlok-nemzete-clevelandi-magyar-muzeum\\\/#primaryimage\"},\"thumbnailUrl\":\"https:\\\/\\\/www.bocskairadio.org\\\/wp-content\\\/uploads\\\/2026\\\/09\\\/1113370_image_America-250th-RoundTable-9-12-26-Flyer-with-names.jpg\",\"datePublished\":\"2026-09-02T01:32:25+00:00\",\"dateModified\":\"2026-09-02T18:23:11+00:00\",\"breadcrumb\":{\"@id\":\"https:\\\/\\\/www.bocskairadio.org\\\/en\\\/event\\\/a-nation-of-immigrants-cleveland-hungarian-museum-sept-program-a-bevandorlok-nemzete-clevelandi-magyar-muzeum\\\/#breadcrumb\"},\"inLanguage\":\"en-US\",\"potentialAction\":[{\"@type\":\"ReadAction\",\"target\":[\"https:\\\/\\\/www.bocskairadio.org\\\/en\\\/event\\\/a-nation-of-immigrants-cleveland-hungarian-museum-sept-program-a-bevandorlok-nemzete-clevelandi-magyar-muzeum\\\/\"]}]},{\"@type\":\"ImageObject\",\"inLanguage\":\"en-US\",\"@id\":\"https:\\\/\\\/www.bocskairadio.org\\\/en\\\/event\\\/a-nation-of-immigrants-cleveland-hungarian-museum-sept-program-a-bevandorlok-nemzete-clevelandi-magyar-muzeum\\\/#primaryimage\",\"url\":\"https:\\\/\\\/www.bocskairadio.org\\\/wp-content\\\/uploads\\\/2026\\\/09\\\/1113370_image_America-250th-RoundTable-9-12-26-Flyer-with-names.jpg\",\"contentUrl\":\"https:\\\/\\\/www.bocskairadio.org\\\/wp-content\\\/uploads\\\/2026\\\/09\\\/1113370_image_America-250th-RoundTable-9-12-26-Flyer-with-names.jpg\",\"width\":1164,\"height\":1506},{\"@type\":\"BreadcrumbList\",\"@id\":\"https:\\\/\\\/www.bocskairadio.org\\\/en\\\/event\\\/a-nation-of-immigrants-cleveland-hungarian-museum-sept-program-a-bevandorlok-nemzete-clevelandi-magyar-muzeum\\\/#breadcrumb\",\"itemListElement\":[{\"@type\":\"ListItem\",\"position\":1,\"name\":\"Events\",\"item\":\"https:\\\/\\\/www.bocskairadio.org\\\/en\\\/events\\\/\"},{\"@type\":\"ListItem\",\"position\":2,\"name\":\"A Nation of Immigrants (Cleveland Hungarian Museum Sept. Program) \\\/ A Bev\u00e1ndorl\u00f3k Nemzete (Clevelandi Magyar M\u00fazeum)\"}]},{\"@type\":\"WebSite\",\"@id\":\"https:\\\/\\\/www.bocskairadio.org\\\/en\\\/#website\",\"url\":\"https:\\\/\\\/www.bocskairadio.org\\\/en\\\/\",\"name\":\"Bocskai R\u00e1di\u00f3\",\"description\":\"The Voice of Cleveland Hungarians\",\"publisher\":{\"@id\":\"https:\\\/\\\/www.bocskairadio.org\\\/en\\\/#organization\"},\"potentialAction\":[{\"@type\":\"SearchAction\",\"target\":{\"@type\":\"EntryPoint\",\"urlTemplate\":\"https:\\\/\\\/www.bocskairadio.org\\\/en\\\/?s={search_term_string}\"},\"query-input\":{\"@type\":\"PropertyValueSpecification\",\"valueRequired\":true,\"valueName\":\"search_term_string\"}}],\"inLanguage\":\"en-US\"},{\"@type\":\"Organization\",\"@id\":\"https:\\\/\\\/www.bocskairadio.org\\\/en\\\/#organization\",\"name\":\"Bocskai R\u00e1di\u00f3\",\"url\":\"https:\\\/\\\/www.bocskairadio.org\\\/en\\\/\",\"logo\":{\"@type\":\"ImageObject\",\"inLanguage\":\"en-US\",\"@id\":\"https:\\\/\\\/www.bocskairadio.org\\\/en\\\/#\\\/schema\\\/logo\\\/image\\\/\",\"url\":\"https:\\\/\\\/www.bocskairadio.org\\\/wp-content\\\/uploads\\\/2016\\\/11\\\/var3_basic.jpg\",\"contentUrl\":\"https:\\\/\\\/www.bocskairadio.org\\\/wp-content\\\/uploads\\\/2016\\\/11\\\/var3_basic.jpg\",\"width\":500,\"height\":500,\"caption\":\"Bocskai R\u00e1di\u00f3\"},\"image\":{\"@id\":\"https:\\\/\\\/www.bocskairadio.org\\\/en\\\/#\\\/schema\\\/logo\\\/image\\\/\"},\"sameAs\":[\"https:\\\/\\\/www.facebook.com\\\/BocskaiRadio\",\"https:\\\/\\\/x.com\\\/BocskaiRadio\",\"https:\\\/\\\/www.instagram.com\\\/bocskairadio\\\/\",\"https:\\\/\\\/www.youtube.com\\\/user\\\/bocskairadio\",\"https:\\\/\\\/hu.wikipedia.org\\\/wiki\\\/Bocskai_R\u00e1di\u00f3\"]}]}<\/script>\n<!-- \/ Yoast SEO plugin. -->","yoast_head_json":{"title":"A Nation of Immigrants (Cleveland Hungarian Museum Sept. Program) \/ A Bev\u00e1ndorl\u00f3k Nemzete (Clevelandi Magyar M\u00fazeum) &#8211; Bocskai R\u00e1di\u00f3","robots":{"index":"index","follow":"follow","max-snippet":"max-snippet:-1","max-image-preview":"max-image-preview:large","max-video-preview":"max-video-preview:-1"},"canonical":"https:\/\/www.bocskairadio.org\/en\/event\/a-nation-of-immigrants-cleveland-hungarian-museum-sept-program-a-bevandorlok-nemzete-clevelandi-magyar-muzeum\/","og_locale":"en_US","og_type":"article","og_title":"A Nation of Immigrants (Cleveland Hungarian Museum Sept. Program) \/ A Bev\u00e1ndorl\u00f3k Nemzete (Clevelandi Magyar M\u00fazeum) &#8211; Bocskai R\u00e1di\u00f3","og_description":"Az Egyes\u00fclt \u00c1llamok fenn\u00e1ll\u00e1s\u00e1nak 250. \u00e9vfordul\u00f3ja alkalm\u00e1b\u00f3l k\u00fcl\u00f6nleges kerekasztal-besz\u00e9lget\u00e9sre v\u00e1rja az \u00e9rdekl\u0151d\u0151ket a Clevelandi Magyar M\u00fazeum szeptember 12-\u00e9n, szombaton. A \u201eA Nation of Immigrants \u2013 A bev\u00e1ndorl\u00f3k nemzete\u201d c\u00edm\u0171 program azt mutatja be, milyen szerepet j\u00e1tszottak az elm\u00falt 250 \u00e9v sor\u00e1n a k\u00fcl\u00f6nb\u00f6z\u0151 bev\u00e1ndorl\u00f3 k\u00f6z\u00f6ss\u00e9gek az Egyes\u00fclt \u00c1llamok fel\u00e9p\u00edt\u00e9s\u00e9ben \u00e9s fejl\u0151d\u00e9s\u00e9ben. A r\u00e9sztvev\u0151k saj\u00e1t k\u00f6z\u00f6ss\u00e9geik t\u00f6rt\u00e9net\u00e9n, tapasztalatain \u00e9s \u00f6r\u00f6ks\u00e9g\u00e9n kereszt\u00fcl besz\u00e9lnek arr\u00f3l, hogyan form\u00e1lt\u00e1k a bev\u00e1ndorl\u00f3k Amerika t\u00f6rt\u00e9nelm\u00e9t \u00e9s mai arculat\u00e1t. A besz\u00e9lget\u00e9s moder\u00e1tora John Grabowski, a Case Western Reserve University vend\u00e9gprofesszora \u00e9s a Western Reserve Historical Society t\u00f6rt\u00e9n\u00e9sze. A kerekasztal r\u00e9sztvev\u0151i k\u00f6z\u00f6tt ott lesz Margaret Lynch, az Irish American Archives Society k\u00e9pviselet\u00e9ben; Pamela Dorazio Dean, az Italian American Museum of Cleveland r\u00e9sz\u00e9r\u0151l; Andrew Fedynsky, a Ukrainian Museum-Archives k\u00e9pviselet\u00e9ben; valamint Andrew Lazar, a Clevelandi Magyar M\u00fazeum r\u00e9sz\u00e9r\u0151l. A lengyel k\u00f6z\u00f6ss\u00e9g k\u00e9pvisel\u0151je szint\u00e9n csatlakozik a besz\u00e9lget\u00e9shez. Az esem\u00e9ny 2026. szeptember 12-\u00e9n, szombaton d\u00e9lut\u00e1n 2 \u00e9s 4 \u00f3ra k\u00f6z\u00f6tt lesz. A m\u00fazeum m\u00e1r d\u00e9lut\u00e1n 1 \u00f3r\u00e1t\u00f3l nyitva tart, \u00edgy \u00e9rdemes kor\u00e1bban \u00e9rkezni. A helysz\u00edn a Clevelandi Magyar M\u00fazeum, a Galleria \u00e9p\u00fclet\u00e9ben, 1301 East 9th Street, Cleveland. A rendezv\u00e9ny nyitott a nagyk\u00f6z\u00f6ns\u00e9g sz\u00e1m\u00e1ra, \u00e9s minden \u00e9rdekl\u0151d\u0151t szeretettel v\u00e1rnak. A k\u00f6z\u00f6ns\u00e9gnek is lehet\u0151s\u00e9ge lesz bekapcsol\u00f3dni a besz\u00e9lget\u00e9sbe, \u00e9s megosztani saj\u00e1t csal\u00e1dja, illetve k\u00f6z\u00f6ss\u00e9ge t\u00f6rt\u00e9net\u00e9t. Legyenek r\u00e9szesei ennek a k\u00fcl\u00f6nleges tal\u00e1lkoz\u00e1snak, ahol Cleveland k\u00fcl\u00f6nb\u00f6z\u0151 nemzetis\u00e9gi k\u00f6z\u00f6ss\u00e9gei egy\u00fctt id\u00e9zik fel Amerika 250 \u00e9ves t\u00f6rt\u00e9net\u00e9t.","og_url":"https:\/\/www.bocskairadio.org\/en\/event\/a-nation-of-immigrants-cleveland-hungarian-museum-sept-program-a-bevandorlok-nemzete-clevelandi-magyar-muzeum\/","og_site_name":"Bocskai R\u00e1di\u00f3","article_publisher":"https:\/\/www.facebook.com\/BocskaiRadio","article_modified_time":"2026-09-02T18:23:11+00:00","og_image":[{"width":1164,"height":1506,"url":"https:\/\/www.bocskairadio.org\/wp-content\/uploads\/2026\/09\/1113370_image_America-250th-RoundTable-9-12-26-Flyer-with-names.jpg","type":"image\/jpeg"}],"twitter_card":"summary_large_image","twitter_site":"@BocskaiRadio","schema":{"@context":"https:\/\/schema.org","@graph":[{"@type":"WebPage","@id":"https:\/\/www.bocskairadio.org\/en\/event\/a-nation-of-immigrants-cleveland-hungarian-museum-sept-program-a-bevandorlok-nemzete-clevelandi-magyar-muzeum\/","url":"https:\/\/www.bocskairadio.org\/en\/event\/a-nation-of-immigrants-cleveland-hungarian-museum-sept-program-a-bevandorlok-nemzete-clevelandi-magyar-muzeum\/","name":"A Nation of Immigrants (Cleveland Hungarian Museum Sept. Program) \/ A Bev\u00e1ndorl\u00f3k Nemzete (Clevelandi Magyar M\u00fazeum) &#8211; Bocskai R\u00e1di\u00f3","isPartOf":{"@id":"https:\/\/www.bocskairadio.org\/en\/#website"},"primaryImageOfPage":{"@id":"https:\/\/www.bocskairadio.org\/en\/event\/a-nation-of-immigrants-cleveland-hungarian-museum-sept-program-a-bevandorlok-nemzete-clevelandi-magyar-muzeum\/#primaryimage"},"image":{"@id":"https:\/\/www.bocskairadio.org\/en\/event\/a-nation-of-immigrants-cleveland-hungarian-museum-sept-program-a-bevandorlok-nemzete-clevelandi-magyar-muzeum\/#primaryimage"},"thumbnailUrl":"https:\/\/www.bocskairadio.org\/wp-content\/uploads\/2026\/09\/1113370_image_America-250th-RoundTable-9-12-26-Flyer-with-names.jpg","datePublished":"2026-09-02T01:32:25+00:00","dateModified":"2026-09-02T18:23:11+00:00","breadcrumb":{"@id":"https:\/\/www.bocskairadio.org\/en\/event\/a-nation-of-immigrants-cleveland-hungarian-museum-sept-program-a-bevandorlok-nemzete-clevelandi-magyar-muzeum\/#breadcrumb"},"inLanguage":"en-US","potentialAction":[{"@type":"ReadAction","target":["https:\/\/www.bocskairadio.org\/en\/event\/a-nation-of-immigrants-cleveland-hungarian-museum-sept-program-a-bevandorlok-nemzete-clevelandi-magyar-muzeum\/"]}]},{"@type":"ImageObject","inLanguage":"en-US","@id":"https:\/\/www.bocskairadio.org\/en\/event\/a-nation-of-immigrants-cleveland-hungarian-museum-sept-program-a-bevandorlok-nemzete-clevelandi-magyar-muzeum\/#primaryimage","url":"https:\/\/www.bocskairadio.org\/wp-content\/uploads\/2026\/09\/1113370_image_America-250th-RoundTable-9-12-26-Flyer-with-names.jpg","contentUrl":"https:\/\/www.bocskairadio.org\/wp-content\/uploads\/2026\/09\/1113370_image_America-250th-RoundTable-9-12-26-Flyer-with-names.jpg","width":1164,"height":1506},{"@type":"BreadcrumbList","@id":"https:\/\/www.bocskairadio.org\/en\/event\/a-nation-of-immigrants-cleveland-hungarian-museum-sept-program-a-bevandorlok-nemzete-clevelandi-magyar-muzeum\/#breadcrumb","itemListElement":[{"@type":"ListItem","position":1,"name":"Events","item":"https:\/\/www.bocskairadio.org\/en\/events\/"},{"@type":"ListItem","position":2,"name":"A Nation of Immigrants (Cleveland Hungarian Museum Sept. Program) \/ A Bev\u00e1ndorl\u00f3k Nemzete (Clevelandi Magyar M\u00fazeum)"}]},{"@type":"WebSite","@id":"https:\/\/www.bocskairadio.org\/en\/#website","url":"https:\/\/www.bocskairadio.org\/en\/","name":"Bocskai R\u00e1di\u00f3","description":"The Voice of Cleveland Hungarians","publisher":{"@id":"https:\/\/www.bocskairadio.org\/en\/#organization"},"potentialAction":[{"@type":"SearchAction","target":{"@type":"EntryPoint","urlTemplate":"https:\/\/www.bocskairadio.org\/en\/?s={search_term_string}"},"query-input":{"@type":"PropertyValueSpecification","valueRequired":true,"valueName":"search_term_string"}}],"inLanguage":"en-US"},{"@type":"Organization","@id":"https:\/\/www.bocskairadio.org\/en\/#organization","name":"Bocskai R\u00e1di\u00f3","url":"https:\/\/www.bocskairadio.org\/en\/","logo":{"@type":"ImageObject","inLanguage":"en-US","@id":"https:\/\/www.bocskairadio.org\/en\/#\/schema\/logo\/image\/","url":"https:\/\/www.bocskairadio.org\/wp-content\/uploads\/2016\/11\/var3_basic.jpg","contentUrl":"https:\/\/www.bocskairadio.org\/wp-content\/uploads\/2016\/11\/var3_basic.jpg","width":500,"height":500,"caption":"Bocskai R\u00e1di\u00f3"},"image":{"@id":"https:\/\/www.bocskairadio.org\/en\/#\/schema\/logo\/image\/"},"sameAs":["https:\/\/www.facebook.com\/BocskaiRadio","https:\/\/x.com\/BocskaiRadio","https:\/\/www.instagram.com\/bocskairadio\/","https:\/\/www.youtube.com\/user\/bocskairadio","https:\/\/hu.wikipedia.org\/wiki\/Bocskai_R\u00e1di\u00f3"]}]}},"_links":{"self":[{"href":"https:\/\/www.bocskairadio.org\/en\/wp-json\/wp\/v2\/tribe_events\/1113370","targetHints":{"allow":["GET"]}}],"collection":[{"href":"https:\/\/www.bocskairadio.org\/en\/wp-json\/wp\/v2\/tribe_events"}],"about":[{"href":"https:\/\/www.bocskairadio.org\/en\/wp-json\/wp\/v2\/types\/tribe_events"}],"author":[{"embeddable":true,"href":"https:\/\/www.bocskairadio.org\/en\/wp-json\/wp\/v2\/users\/2"}],"version-history":[{"count":3,"href":"https:\/\/www.bocskairadio.org\/en\/wp-json\/wp\/v2\/tribe_events\/1113370\/revisions"}],"predecessor-version":[{"id":1113386,"href":"https:\/\/www.bocskairadio.org\/en\/wp-json\/wp\/v2\/tribe_events\/1113370\/revisions\/1113386"}],"wp:featuredmedia":[{"embeddable":true,"href":"https:\/\/www.bocskairadio.org\/en\/wp-json\/wp\/v2\/media\/1113375"}],"wp:attachment":[{"href":"https:\/\/www.bocskairadio.org\/en\/wp-json\/wp\/v2\/media?parent=1113370"}],"wp:term":[{"taxonomy":"post_tag","embeddable":true,"href":"https:\/\/www.bocskairadio.org\/en\/wp-json\/wp\/v2\/tags?post=1113370"},{"taxonomy":"tribe_events_cat","embeddable":true,"href":"https:\/\/www.bocskairadio.org\/en\/wp-json\/wp\/v2\/tribe_events_cat?post=1113370"}],"curies":[{"name":"wp","href":"https:\/\/api.w.org\/{rel}","templated":true}]}}