{"id":1113373,"date":"2026-09-01T21:32:30","date_gmt":"2026-09-02T01:32:30","guid":{"rendered":"https:\/\/www.bocskairadio.org\/event\/commemoration-of-the-1956-revolution-and-freedom-fight-70th-anniversary-megemlekezes-az-1956-os-forradalom-es-szabadsagharcrol-70-evfordulo\/"},"modified":"2026-09-02T14:25:11","modified_gmt":"2026-09-02T18:25:11","slug":"commemoration-of-the-1956-revolution-and-freedom-fight-70th-anniversary-megemlekezes-az-1956-os-forradalom-es-szabadsagharcrol-70-evfordulo","status":"publish","type":"tribe_events","link":"https:\/\/www.bocskairadio.org\/en\/event\/commemoration-of-the-1956-revolution-and-freedom-fight-70th-anniversary-megemlekezes-az-1956-os-forradalom-es-szabadsagharcrol-70-evfordulo\/","title":{"rendered":"Commemoration of the 1956 Revolution and Freedom Fight (70th Anniversary) \/ Megeml\u00e9kez\u00e9s az 1956-os Forradalom \u00e9s Szabads\u00e1gharcr\u00f3l (70 \u00c9vfordul\u00f3)"},"content":{"rendered":"<p><b>Az Egyes\u00fclt Magyar Egyletek 2026. okt\u00f3ber 18-\u00e1n, vas\u00e1rnap d\u00e9lut\u00e1n 3 \u00f3rakor tartja az 1956-os forradalom \u00e9s szabads\u00e1gharc 70. \u00e9vfordul\u00f3s megeml\u00e9kez\u00e9s\u00e9t a clevelandi Nyugat-oldali Magyar Reform\u00e1tus Templomban. K\u00e9rj\u00fck, jegyezz\u00e9k fel a d\u00e1tumot! A rendezv\u00e9ny r\u00e9szleteit a k\u00e9s\u0151bbiekben osztjuk meg.<\/b><\/p>\n<p>Please join us as we remember and honor the heroes and legacy of the 1956 Hungarian Revolution and Freedom Fight. The solemn commemoration will be held on Sunday, October 18 at 3 P.M. at the West Side Hungarian Reformed Church.<\/p>\n","protected":false},"excerpt":{"rendered":"<p><b>Az Egyes\u00fclt Magyar Egyletek 2026. okt\u00f3ber 18-\u00e1n, vas\u00e1rnap d\u00e9lut\u00e1n 3 \u00f3rakor tartja az 1956-os forradalom \u00e9s szabads\u00e1gharc 70. \u00e9vfordul\u00f3s megeml\u00e9kez\u00e9s\u00e9t a clevelandi Nyugat-oldali Magyar Reform\u00e1tus Templomban. K\u00e9rj\u00fck, jegyezz\u00e9k fel a d\u00e1tumot! A rendezv\u00e9ny r\u00e9szleteit a k\u00e9s\u0151bbiekben osztjuk meg.<\/b><\/p>\n<p>Please join us as we remember and honor the heroes and legacy of the 1956 Hungarian Revolution and Freedom Fight. The solemn commemoration will be held on Sunday, October 18 at 3 P.M. at the West Side Hungarian Reformed Church.<\/p>\n","protected":false},"author":2,"featured_media":1113381,"template":"","meta":{"_tribe_events_status":"","_tribe_events_status_reason":"","footnotes":""},"tags":[],"tribe_events_cat":[],"class_list":["post-1113373","tribe_events","type-tribe_events","status-publish","has-post-thumbnail"],"yoast_head":"<!-- This site is optimized with the Yoast SEO plugin v28.4 - https:\/\/yoast.com\/product\/yoast-seo-wordpress\/ -->\n<title>Commemoration of the 1956 Revolution and Freedom Fight (70th Anniversary) \/ Megeml\u00e9kez\u00e9s az 1956-os Forradalom \u00e9s Szabads\u00e1gharcr\u00f3l (70 \u00c9vfordul\u00f3) &#8211; Bocskai R\u00e1di\u00f3<\/title>\n<meta name=\"robots\" content=\"index, follow, max-snippet:-1, max-image-preview:large, max-video-preview:-1\" \/>\n<link rel=\"canonical\" href=\"https:\/\/www.bocskairadio.org\/en\/event\/commemoration-of-the-1956-revolution-and-freedom-fight-70th-anniversary-megemlekezes-az-1956-os-forradalom-es-szabadsagharcrol-70-evfordulo\/\" \/>\n<meta property=\"og:locale\" content=\"en_US\" \/>\n<meta property=\"og:type\" content=\"article\" \/>\n<meta property=\"og:title\" content=\"Commemoration of the 1956 Revolution and Freedom Fight (70th Anniversary) \/ Megeml\u00e9kez\u00e9s az 1956-os Forradalom \u00e9s Szabads\u00e1gharcr\u00f3l (70 \u00c9vfordul\u00f3) &#8211; Bocskai R\u00e1di\u00f3\" \/>\n<meta property=\"og:description\" content=\"Az Egyes\u00fclt Magyar Egyletek 2026. okt\u00f3ber 18-\u00e1n, vas\u00e1rnap d\u00e9lut\u00e1n 3 \u00f3rakor tartja az 1956-os forradalom \u00e9s szabads\u00e1gharc 70. \u00e9vfordul\u00f3s megeml\u00e9kez\u00e9s\u00e9t a clevelandi Nyugat-oldali Magyar Reform\u00e1tus Templomban. K\u00e9rj\u00fck, jegyezz\u00e9k fel a d\u00e1tumot! A rendezv\u00e9ny r\u00e9szleteit a k\u00e9s\u0151bbiekben osztjuk meg.  Please join us as we remember and honor the heroes and legacy of the 1956 Hungarian Revolution and Freedom Fight. The solemn commemoration will be held on Sunday, October 18 at 3 P.M. at the West Side Hungarian Reformed Church.\" \/>\n<meta property=\"og:url\" content=\"https:\/\/www.bocskairadio.org\/en\/event\/commemoration-of-the-1956-revolution-and-freedom-fight-70th-anniversary-megemlekezes-az-1956-os-forradalom-es-szabadsagharcrol-70-evfordulo\/\" \/>\n<meta property=\"og:site_name\" content=\"Bocskai R\u00e1di\u00f3\" \/>\n<meta property=\"article:publisher\" content=\"https:\/\/www.facebook.com\/BocskaiRadio\" \/>\n<meta property=\"article:modified_time\" content=\"2026-09-02T18:25:11+00:00\" \/>\n<meta property=\"og:image\" content=\"https:\/\/www.bocskairadio.org\/wp-content\/uploads\/2026\/09\/1113373_image_a3bb62b518069e36a8ba38c1016a40cf.jpeg\" \/>\n\t<meta property=\"og:image:width\" content=\"1536\" \/>\n\t<meta property=\"og:image:height\" content=\"1024\" \/>\n\t<meta property=\"og:image:type\" content=\"image\/jpeg\" \/>\n<meta name=\"twitter:card\" content=\"summary_large_image\" \/>\n<meta name=\"twitter:site\" content=\"@BocskaiRadio\" \/>\n<script type=\"application\/ld+json\" class=\"yoast-schema-graph\">{\"@context\":\"https:\\\/\\\/schema.org\",\"@graph\":[{\"@type\":\"WebPage\",\"@id\":\"https:\\\/\\\/www.bocskairadio.org\\\/en\\\/event\\\/commemoration-of-the-1956-revolution-and-freedom-fight-70th-anniversary-megemlekezes-az-1956-os-forradalom-es-szabadsagharcrol-70-evfordulo\\\/\",\"url\":\"https:\\\/\\\/www.bocskairadio.org\\\/en\\\/event\\\/commemoration-of-the-1956-revolution-and-freedom-fight-70th-anniversary-megemlekezes-az-1956-os-forradalom-es-szabadsagharcrol-70-evfordulo\\\/\",\"name\":\"Commemoration of the 1956 Revolution and Freedom Fight (70th Anniversary) \\\/ Megeml\u00e9kez\u00e9s az 1956-os Forradalom \u00e9s Szabads\u00e1gharcr\u00f3l (70 \u00c9vfordul\u00f3) &#8211; Bocskai R\u00e1di\u00f3\",\"isPartOf\":{\"@id\":\"https:\\\/\\\/www.bocskairadio.org\\\/en\\\/#website\"},\"primaryImageOfPage\":{\"@id\":\"https:\\\/\\\/www.bocskairadio.org\\\/en\\\/event\\\/commemoration-of-the-1956-revolution-and-freedom-fight-70th-anniversary-megemlekezes-az-1956-os-forradalom-es-szabadsagharcrol-70-evfordulo\\\/#primaryimage\"},\"image\":{\"@id\":\"https:\\\/\\\/www.bocskairadio.org\\\/en\\\/event\\\/commemoration-of-the-1956-revolution-and-freedom-fight-70th-anniversary-megemlekezes-az-1956-os-forradalom-es-szabadsagharcrol-70-evfordulo\\\/#primaryimage\"},\"thumbnailUrl\":\"https:\\\/\\\/www.bocskairadio.org\\\/wp-content\\\/uploads\\\/2026\\\/09\\\/1113373_image_a3bb62b518069e36a8ba38c1016a40cf.jpeg\",\"datePublished\":\"2026-09-02T01:32:30+00:00\",\"dateModified\":\"2026-09-02T18:25:11+00:00\",\"breadcrumb\":{\"@id\":\"https:\\\/\\\/www.bocskairadio.org\\\/en\\\/event\\\/commemoration-of-the-1956-revolution-and-freedom-fight-70th-anniversary-megemlekezes-az-1956-os-forradalom-es-szabadsagharcrol-70-evfordulo\\\/#breadcrumb\"},\"inLanguage\":\"en-US\",\"potentialAction\":[{\"@type\":\"ReadAction\",\"target\":[\"https:\\\/\\\/www.bocskairadio.org\\\/en\\\/event\\\/commemoration-of-the-1956-revolution-and-freedom-fight-70th-anniversary-megemlekezes-az-1956-os-forradalom-es-szabadsagharcrol-70-evfordulo\\\/\"]}]},{\"@type\":\"ImageObject\",\"inLanguage\":\"en-US\",\"@id\":\"https:\\\/\\\/www.bocskairadio.org\\\/en\\\/event\\\/commemoration-of-the-1956-revolution-and-freedom-fight-70th-anniversary-megemlekezes-az-1956-os-forradalom-es-szabadsagharcrol-70-evfordulo\\\/#primaryimage\",\"url\":\"https:\\\/\\\/www.bocskairadio.org\\\/wp-content\\\/uploads\\\/2026\\\/09\\\/1113373_image_a3bb62b518069e36a8ba38c1016a40cf.jpeg\",\"contentUrl\":\"https:\\\/\\\/www.bocskairadio.org\\\/wp-content\\\/uploads\\\/2026\\\/09\\\/1113373_image_a3bb62b518069e36a8ba38c1016a40cf.jpeg\",\"width\":1536,\"height\":1024},{\"@type\":\"BreadcrumbList\",\"@id\":\"https:\\\/\\\/www.bocskairadio.org\\\/en\\\/event\\\/commemoration-of-the-1956-revolution-and-freedom-fight-70th-anniversary-megemlekezes-az-1956-os-forradalom-es-szabadsagharcrol-70-evfordulo\\\/#breadcrumb\",\"itemListElement\":[{\"@type\":\"ListItem\",\"position\":1,\"name\":\"Events\",\"item\":\"https:\\\/\\\/www.bocskairadio.org\\\/en\\\/events\\\/\"},{\"@type\":\"ListItem\",\"position\":2,\"name\":\"Commemoration of the 1956 Revolution and Freedom Fight (70th Anniversary) \\\/ Megeml\u00e9kez\u00e9s az 1956-os Forradalom \u00e9s Szabads\u00e1gharcr\u00f3l (70 \u00c9vfordul\u00f3)\"}]},{\"@type\":\"WebSite\",\"@id\":\"https:\\\/\\\/www.bocskairadio.org\\\/en\\\/#website\",\"url\":\"https:\\\/\\\/www.bocskairadio.org\\\/en\\\/\",\"name\":\"Bocskai R\u00e1di\u00f3\",\"description\":\"The Voice of Cleveland Hungarians\",\"publisher\":{\"@id\":\"https:\\\/\\\/www.bocskairadio.org\\\/en\\\/#organization\"},\"potentialAction\":[{\"@type\":\"SearchAction\",\"target\":{\"@type\":\"EntryPoint\",\"urlTemplate\":\"https:\\\/\\\/www.bocskairadio.org\\\/en\\\/?s={search_term_string}\"},\"query-input\":{\"@type\":\"PropertyValueSpecification\",\"valueRequired\":true,\"valueName\":\"search_term_string\"}}],\"inLanguage\":\"en-US\"},{\"@type\":\"Organization\",\"@id\":\"https:\\\/\\\/www.bocskairadio.org\\\/en\\\/#organization\",\"name\":\"Bocskai R\u00e1di\u00f3\",\"url\":\"https:\\\/\\\/www.bocskairadio.org\\\/en\\\/\",\"logo\":{\"@type\":\"ImageObject\",\"inLanguage\":\"en-US\",\"@id\":\"https:\\\/\\\/www.bocskairadio.org\\\/en\\\/#\\\/schema\\\/logo\\\/image\\\/\",\"url\":\"https:\\\/\\\/www.bocskairadio.org\\\/wp-content\\\/uploads\\\/2016\\\/11\\\/var3_basic.jpg\",\"contentUrl\":\"https:\\\/\\\/www.bocskairadio.org\\\/wp-content\\\/uploads\\\/2016\\\/11\\\/var3_basic.jpg\",\"width\":500,\"height\":500,\"caption\":\"Bocskai R\u00e1di\u00f3\"},\"image\":{\"@id\":\"https:\\\/\\\/www.bocskairadio.org\\\/en\\\/#\\\/schema\\\/logo\\\/image\\\/\"},\"sameAs\":[\"https:\\\/\\\/www.facebook.com\\\/BocskaiRadio\",\"https:\\\/\\\/x.com\\\/BocskaiRadio\",\"https:\\\/\\\/www.instagram.com\\\/bocskairadio\\\/\",\"https:\\\/\\\/www.youtube.com\\\/user\\\/bocskairadio\",\"https:\\\/\\\/hu.wikipedia.org\\\/wiki\\\/Bocskai_R\u00e1di\u00f3\"]}]}<\/script>\n<!-- \/ Yoast SEO plugin. -->","yoast_head_json":{"title":"Commemoration of the 1956 Revolution and Freedom Fight (70th Anniversary) \/ Megeml\u00e9kez\u00e9s az 1956-os Forradalom \u00e9s Szabads\u00e1gharcr\u00f3l (70 \u00c9vfordul\u00f3) &#8211; Bocskai R\u00e1di\u00f3","robots":{"index":"index","follow":"follow","max-snippet":"max-snippet:-1","max-image-preview":"max-image-preview:large","max-video-preview":"max-video-preview:-1"},"canonical":"https:\/\/www.bocskairadio.org\/en\/event\/commemoration-of-the-1956-revolution-and-freedom-fight-70th-anniversary-megemlekezes-az-1956-os-forradalom-es-szabadsagharcrol-70-evfordulo\/","og_locale":"en_US","og_type":"article","og_title":"Commemoration of the 1956 Revolution and Freedom Fight (70th Anniversary) \/ Megeml\u00e9kez\u00e9s az 1956-os Forradalom \u00e9s Szabads\u00e1gharcr\u00f3l (70 \u00c9vfordul\u00f3) &#8211; Bocskai R\u00e1di\u00f3","og_description":"Az Egyes\u00fclt Magyar Egyletek 2026. okt\u00f3ber 18-\u00e1n, vas\u00e1rnap d\u00e9lut\u00e1n 3 \u00f3rakor tartja az 1956-os forradalom \u00e9s szabads\u00e1gharc 70. \u00e9vfordul\u00f3s megeml\u00e9kez\u00e9s\u00e9t a clevelandi Nyugat-oldali Magyar Reform\u00e1tus Templomban. K\u00e9rj\u00fck, jegyezz\u00e9k fel a d\u00e1tumot! A rendezv\u00e9ny r\u00e9szleteit a k\u00e9s\u0151bbiekben osztjuk meg.  Please join us as we remember and honor the heroes and legacy of the 1956 Hungarian Revolution and Freedom Fight. The solemn commemoration will be held on Sunday, October 18 at 3 P.M. at the West Side Hungarian Reformed Church.","og_url":"https:\/\/www.bocskairadio.org\/en\/event\/commemoration-of-the-1956-revolution-and-freedom-fight-70th-anniversary-megemlekezes-az-1956-os-forradalom-es-szabadsagharcrol-70-evfordulo\/","og_site_name":"Bocskai R\u00e1di\u00f3","article_publisher":"https:\/\/www.facebook.com\/BocskaiRadio","article_modified_time":"2026-09-02T18:25:11+00:00","og_image":[{"width":1536,"height":1024,"url":"https:\/\/www.bocskairadio.org\/wp-content\/uploads\/2026\/09\/1113373_image_a3bb62b518069e36a8ba38c1016a40cf.jpeg","type":"image\/jpeg"}],"twitter_card":"summary_large_image","twitter_site":"@BocskaiRadio","schema":{"@context":"https:\/\/schema.org","@graph":[{"@type":"WebPage","@id":"https:\/\/www.bocskairadio.org\/en\/event\/commemoration-of-the-1956-revolution-and-freedom-fight-70th-anniversary-megemlekezes-az-1956-os-forradalom-es-szabadsagharcrol-70-evfordulo\/","url":"https:\/\/www.bocskairadio.org\/en\/event\/commemoration-of-the-1956-revolution-and-freedom-fight-70th-anniversary-megemlekezes-az-1956-os-forradalom-es-szabadsagharcrol-70-evfordulo\/","name":"Commemoration of the 1956 Revolution and Freedom Fight (70th Anniversary) \/ Megeml\u00e9kez\u00e9s az 1956-os Forradalom \u00e9s Szabads\u00e1gharcr\u00f3l (70 \u00c9vfordul\u00f3) &#8211; Bocskai R\u00e1di\u00f3","isPartOf":{"@id":"https:\/\/www.bocskairadio.org\/en\/#website"},"primaryImageOfPage":{"@id":"https:\/\/www.bocskairadio.org\/en\/event\/commemoration-of-the-1956-revolution-and-freedom-fight-70th-anniversary-megemlekezes-az-1956-os-forradalom-es-szabadsagharcrol-70-evfordulo\/#primaryimage"},"image":{"@id":"https:\/\/www.bocskairadio.org\/en\/event\/commemoration-of-the-1956-revolution-and-freedom-fight-70th-anniversary-megemlekezes-az-1956-os-forradalom-es-szabadsagharcrol-70-evfordulo\/#primaryimage"},"thumbnailUrl":"https:\/\/www.bocskairadio.org\/wp-content\/uploads\/2026\/09\/1113373_image_a3bb62b518069e36a8ba38c1016a40cf.jpeg","datePublished":"2026-09-02T01:32:30+00:00","dateModified":"2026-09-02T18:25:11+00:00","breadcrumb":{"@id":"https:\/\/www.bocskairadio.org\/en\/event\/commemoration-of-the-1956-revolution-and-freedom-fight-70th-anniversary-megemlekezes-az-1956-os-forradalom-es-szabadsagharcrol-70-evfordulo\/#breadcrumb"},"inLanguage":"en-US","potentialAction":[{"@type":"ReadAction","target":["https:\/\/www.bocskairadio.org\/en\/event\/commemoration-of-the-1956-revolution-and-freedom-fight-70th-anniversary-megemlekezes-az-1956-os-forradalom-es-szabadsagharcrol-70-evfordulo\/"]}]},{"@type":"ImageObject","inLanguage":"en-US","@id":"https:\/\/www.bocskairadio.org\/en\/event\/commemoration-of-the-1956-revolution-and-freedom-fight-70th-anniversary-megemlekezes-az-1956-os-forradalom-es-szabadsagharcrol-70-evfordulo\/#primaryimage","url":"https:\/\/www.bocskairadio.org\/wp-content\/uploads\/2026\/09\/1113373_image_a3bb62b518069e36a8ba38c1016a40cf.jpeg","contentUrl":"https:\/\/www.bocskairadio.org\/wp-content\/uploads\/2026\/09\/1113373_image_a3bb62b518069e36a8ba38c1016a40cf.jpeg","width":1536,"height":1024},{"@type":"BreadcrumbList","@id":"https:\/\/www.bocskairadio.org\/en\/event\/commemoration-of-the-1956-revolution-and-freedom-fight-70th-anniversary-megemlekezes-az-1956-os-forradalom-es-szabadsagharcrol-70-evfordulo\/#breadcrumb","itemListElement":[{"@type":"ListItem","position":1,"name":"Events","item":"https:\/\/www.bocskairadio.org\/en\/events\/"},{"@type":"ListItem","position":2,"name":"Commemoration of the 1956 Revolution and Freedom Fight (70th Anniversary) \/ Megeml\u00e9kez\u00e9s az 1956-os Forradalom \u00e9s Szabads\u00e1gharcr\u00f3l (70 \u00c9vfordul\u00f3)"}]},{"@type":"WebSite","@id":"https:\/\/www.bocskairadio.org\/en\/#website","url":"https:\/\/www.bocskairadio.org\/en\/","name":"Bocskai R\u00e1di\u00f3","description":"The Voice of Cleveland Hungarians","publisher":{"@id":"https:\/\/www.bocskairadio.org\/en\/#organization"},"potentialAction":[{"@type":"SearchAction","target":{"@type":"EntryPoint","urlTemplate":"https:\/\/www.bocskairadio.org\/en\/?s={search_term_string}"},"query-input":{"@type":"PropertyValueSpecification","valueRequired":true,"valueName":"search_term_string"}}],"inLanguage":"en-US"},{"@type":"Organization","@id":"https:\/\/www.bocskairadio.org\/en\/#organization","name":"Bocskai R\u00e1di\u00f3","url":"https:\/\/www.bocskairadio.org\/en\/","logo":{"@type":"ImageObject","inLanguage":"en-US","@id":"https:\/\/www.bocskairadio.org\/en\/#\/schema\/logo\/image\/","url":"https:\/\/www.bocskairadio.org\/wp-content\/uploads\/2016\/11\/var3_basic.jpg","contentUrl":"https:\/\/www.bocskairadio.org\/wp-content\/uploads\/2016\/11\/var3_basic.jpg","width":500,"height":500,"caption":"Bocskai R\u00e1di\u00f3"},"image":{"@id":"https:\/\/www.bocskairadio.org\/en\/#\/schema\/logo\/image\/"},"sameAs":["https:\/\/www.facebook.com\/BocskaiRadio","https:\/\/x.com\/BocskaiRadio","https:\/\/www.instagram.com\/bocskairadio\/","https:\/\/www.youtube.com\/user\/bocskairadio","https:\/\/hu.wikipedia.org\/wiki\/Bocskai_R\u00e1di\u00f3"]}]}},"_links":{"self":[{"href":"https:\/\/www.bocskairadio.org\/en\/wp-json\/wp\/v2\/tribe_events\/1113373","targetHints":{"allow":["GET"]}}],"collection":[{"href":"https:\/\/www.bocskairadio.org\/en\/wp-json\/wp\/v2\/tribe_events"}],"about":[{"href":"https:\/\/www.bocskairadio.org\/en\/wp-json\/wp\/v2\/types\/tribe_events"}],"author":[{"embeddable":true,"href":"https:\/\/www.bocskairadio.org\/en\/wp-json\/wp\/v2\/users\/2"}],"version-history":[{"count":1,"href":"https:\/\/www.bocskairadio.org\/en\/wp-json\/wp\/v2\/tribe_events\/1113373\/revisions"}],"predecessor-version":[{"id":1113391,"href":"https:\/\/www.bocskairadio.org\/en\/wp-json\/wp\/v2\/tribe_events\/1113373\/revisions\/1113391"}],"wp:featuredmedia":[{"embeddable":true,"href":"https:\/\/www.bocskairadio.org\/en\/wp-json\/wp\/v2\/media\/1113381"}],"wp:attachment":[{"href":"https:\/\/www.bocskairadio.org\/en\/wp-json\/wp\/v2\/media?parent=1113373"}],"wp:term":[{"taxonomy":"post_tag","embeddable":true,"href":"https:\/\/www.bocskairadio.org\/en\/wp-json\/wp\/v2\/tags?post=1113373"},{"taxonomy":"tribe_events_cat","embeddable":true,"href":"https:\/\/www.bocskairadio.org\/en\/wp-json\/wp\/v2\/tribe_events_cat?post=1113373"}],"curies":[{"name":"wp","href":"https:\/\/api.w.org\/{rel}","templated":true}]}}